{"id":184,"date":"2015-10-30T08:54:07","date_gmt":"2015-10-30T08:54:07","guid":{"rendered":"http:\/\/demo.themeum.com\/wordpress\/newedge\/?page_id=184"},"modified":"2019-09-13T15:51:16","modified_gmt":"2019-09-13T18:51:16","slug":"homepage-2","status":"publish","type":"page","link":"https:\/\/portalcatolico.net\/portal\/","title":{"rendered":"diocese de itabuna"},"content":{"rendered":"<div class=\"wpb-content-wrapper\"><p>[vc_row full_width=&#8221;stretch_row_content_no_spaces&#8221;][vc_column]<div id=\"themeum-slider2-carousel\" class=\"carousel slide themeum-slider2-carousel\" data-ride=\"carousel\"><div class=\"carousel-inner\" role=\"listbox\"><div class=\"item active\" style=\"min-height:510px; background-image: url(https:\/\/portalcatolico.net\/portal\/wp-content\/uploads\/2026\/09\/ec8a8d3b-55a9-43a5-bb6c-b78f0d2300b4.jpg);background-repeat:no-repeat;background-size:cover;\"><div class=\"item-overlay\"> <\/div><div class=\"container\"><div class=\"row\"><div class=\"handpick-slider-wrap col-md-7 col-sm-7 col-xs-12\"><div class=\"handpick-slider-in clearfix\"><div><div class=\"handpick-slider-innner\"><div class=\"slider-cats-list\"><span class=\"category-color-wrap\"><span class=\"category-color category-color1\">D<\/span><a href=\"https:\/\/portalcatolico.net\/portal\/category\/destaques\/\" rel=\"category tag\">Destaques<\/a><\/span><\/div><div class=\"slider-title\"><a class=\"review-item-image\"  href=\"https:\/\/portalcatolico.net\/portal\/documentario-terra-de-santa-cruz-tera-exibicao-especial-no-local-da-primeira-missa-do-brasil\/\">Document\u00e1rio &#8220;Terra de Santa Cruz&#8221; ter\u00e1 exibi\u00e7\u00e3o especial no local da Primeira Missa do Brasil.<\/a><\/div><\/div><\/div><\/div><\/div><\/div><\/div><\/div><div class=\"item\" style=\"min-height:510px; background-image: url(https:\/\/portalcatolico.net\/portal\/wp-content\/uploads\/2026\/09\/6346524b-fcfe-4a53-9338-39b3847480ef.jpg);background-repeat:no-repeat;background-size:cover;\"><div class=\"item-overlay\"> <\/div><div class=\"container\"><div class=\"row\"><div class=\"handpick-slider-wrap col-md-7 col-sm-7 col-xs-12\"><div class=\"handpick-slider-in clearfix\"><div><div class=\"handpick-slider-innner\"><div class=\"slider-cats-list\"><span class=\"category-color-wrap\"><span class=\"category-color category-color1\">D<\/span><a href=\"https:\/\/portalcatolico.net\/portal\/category\/destaques\/\" rel=\"category tag\">Destaques<\/a><\/span><\/div><div class=\"slider-title\"><a class=\"review-item-image\"  href=\"https:\/\/portalcatolico.net\/portal\/apostolado-da-oracao-celebra-124-anos-de-fe-e-missao-na-paroquia-sao-boaventura-em-canavieiras\/\">Apostolado da Ora\u00e7\u00e3o celebra 124 anos de f\u00e9 e miss\u00e3o na Par\u00f3quia S\u00e3o Boaventura, em Canavieiras.<\/a><\/div><\/div><\/div><\/div><\/div><\/div><\/div><\/div><div class=\"item\" style=\"min-height:510px; background-image: url(https:\/\/portalcatolico.net\/portal\/wp-content\/uploads\/2025\/04\/jailton-2.png);background-repeat:no-repeat;background-size:cover;\"><div class=\"item-overlay\"> <\/div><div class=\"container\"><div class=\"row\"><div class=\"handpick-slider-wrap col-md-7 col-sm-7 col-xs-12\"><div class=\"handpick-slider-in clearfix\"><div><div class=\"handpick-slider-innner\"><div class=\"slider-cats-list\"><span class=\"category-color-wrap\"><span class=\"category-color category-color1\">A<\/span><a href=\"https:\/\/portalcatolico.net\/portal\/category\/artigos\/\" rel=\"category tag\">Artigos<\/a><\/span><\/div><div class=\"slider-title\"><a class=\"review-item-image\"  href=\"https:\/\/portalcatolico.net\/portal\/a-fe-que-cura-renova-e-envia\/\">A f\u00e9 que cura, renova e envia<\/a><\/div><\/div><\/div><\/div><\/div><\/div><\/div><\/div><div class=\"item\" style=\"min-height:510px; background-image: url(https:\/\/portalcatolico.net\/portal\/wp-content\/uploads\/2026\/09\/seminarios-bispos-referenciais-laicato-e1788442954708.jpeg);background-repeat:no-repeat;background-size:cover;\"><div class=\"item-overlay\"> <\/div><div class=\"container\"><div class=\"row\"><div class=\"handpick-slider-wrap col-md-7 col-sm-7 col-xs-12\"><div class=\"handpick-slider-in clearfix\"><div><div class=\"handpick-slider-innner\"><div class=\"slider-cats-list\"><span class=\"category-color-wrap\"><span class=\"category-color category-color1\">D<\/span><a href=\"https:\/\/portalcatolico.net\/portal\/category\/destaques\/\" rel=\"category tag\">Destaques<\/a><\/span><\/div><div class=\"slider-title\"><a class=\"review-item-image\"  href=\"https:\/\/portalcatolico.net\/portal\/seminario-com-bispos-referenciais-para-as-cebs\/\">Semin\u00e1rio com bispos referenciais para as CEBs<\/a><\/div><\/div><\/div><\/div><\/div><\/div><\/div><\/div><\/div><div class=\"container custom-nav-wrap\"><div class=\"customNavigation carousel-controls\"><a class=\"left rank-control\" data-target=\"#themeum-slider2-carousel\" role=\"button\" data-slide=\"prev\"><i class=\"fa fa-angle-left\"><\/i><\/a><a class=\"right rank-control\" data-target=\"#themeum-slider2-carousel\" role=\"button\" data-slide=\"next\"><i class=\"fa fa-angle-right\"><\/i><\/a><\/div><\/div><\/div><script type='text\/javascript'>jQuery(document).ready(function() { jQuery('.nano').nanoScroller(); jQuery('#themeum-slider2-carousel').carousel({ interval:  }) });<\/script>[vc_empty_space height=&#8221;15px&#8221;][\/vc_column][\/vc_row][vc_row][vc_column width=&#8221;3\/4&#8243;]<div class=\"themeum-title  \"><h3 class=\"style-title\" style=\"margin:10px 0 30px;font-weight:400;font-size:18px;line-height: normal;color:#0a0a0a;\"><span class=\"title-icon-style\" style=\"\"><i class=\"fa fa-bell-o\"><\/i><\/span>Destaques<\/h3><\/div><div class=\"lates-featured-post \"><div class=\"row\"><div class=\"latest-featured-post-thumb col-sm-8\"><div class=\"themeum-latest-featured-post-item common-post-item common-post-item-text\"><div class=\"overlay black no\"><\/div><div class=\"common-post-item-in\" style=\"height:492px;background: url(https:\/\/portalcatolico.net\/portal\/wp-content\/uploads\/2026\/09\/ec8a8d3b-55a9-43a5-bb6c-b78f0d2300b4-555x536.jpg) no-repeat;background-size: cover;\"><\/div><div class=\"newedge-post-share-social\"><a href=\"#\" data-type=\"facebook\" data-url=\"https:\/\/portalcatolico.net\/portal\/documentario-terra-de-santa-cruz-tera-exibicao-especial-no-local-da-primeira-missa-do-brasil\/\" data-title=\"Document\u00e1rio &#8220;Terra de Santa Cruz&#8221; ter\u00e1 exibi\u00e7\u00e3o especial no local da Primeira Missa do Brasil.\" data-description=\"Document\u00e1rio &#8220;Terra de Santa Cruz&#8221; ter\u00e1 exibi\u00e7\u00e3o especial no local da Primeira Missa do Brasil.\" data-media=\"https:\/\/portalcatolico.net\/portal\/wp-content\/uploads\/2026\/09\/ec8a8d3b-55a9-43a5-bb6c-b78f0d2300b4.jpg\" class=\"prettySocial fa fa-facebook\"><\/a><a href=\"#\" data-type=\"twitter\" data-url=\"https:\/\/portalcatolico.net\/portal\/documentario-terra-de-santa-cruz-tera-exibicao-especial-no-local-da-primeira-missa-do-brasil\/\" data-description=\"Document\u00e1rio &#8220;Terra de Santa Cruz&#8221; ter\u00e1 exibi\u00e7\u00e3o especial no local da Primeira Missa do Brasil.\" data-via=\"newedge\" class=\"prettySocial fa fa-twitter\"><\/a><a href=\"#\" data-type=\"googleplus\" data-url=\"https:\/\/portalcatolico.net\/portal\/documentario-terra-de-santa-cruz-tera-exibicao-especial-no-local-da-primeira-missa-do-brasil\/\" data-description=\"Document\u00e1rio &#8220;Terra de Santa Cruz&#8221; ter\u00e1 exibi\u00e7\u00e3o especial no local da Primeira Missa do Brasil.\" class=\"prettySocial fa fa-google-plus\"><\/a><a href=\"#\" data-type=\"pinterest\" data-url=\"https:\/\/portalcatolico.net\/portal\/documentario-terra-de-santa-cruz-tera-exibicao-especial-no-local-da-primeira-missa-do-brasil\/\" data-description=\"Document\u00e1rio &#8220;Terra de Santa Cruz&#8221; ter\u00e1 exibi\u00e7\u00e3o especial no local da Primeira Missa do Brasil.\" data-media=\"https:\/\/portalcatolico.net\/portal\/wp-content\/uploads\/2026\/09\/ec8a8d3b-55a9-43a5-bb6c-b78f0d2300b4.jpg\" class=\"prettySocial fa fa-pinterest\"><\/a><a href=\"#\" data-type=\"linkedin\" data-url=\"https:\/\/portalcatolico.net\/portal\/documentario-terra-de-santa-cruz-tera-exibicao-especial-no-local-da-primeira-missa-do-brasil\/\" data-title=\"Document\u00e1rio &#8220;Terra de Santa Cruz&#8221; ter\u00e1 exibi\u00e7\u00e3o especial no local da Primeira Missa do Brasil.\" data-description=\"Document\u00e1rio &#8220;Terra de Santa Cruz&#8221; ter\u00e1 exibi\u00e7\u00e3o especial no local da Primeira Missa do Brasil.\" data-via=\"newedge\" data-media=\"https:\/\/portalcatolico.net\/portal\/wp-content\/uploads\/2026\/09\/ec8a8d3b-55a9-43a5-bb6c-b78f0d2300b4.jpg\" class=\"prettySocial fa fa-linkedin\"><\/a><div class=\"share-icon\"><i class=\"fa fa-share-alt\"><\/i><\/div><\/div><form class=\"bookmark \" action=\"https:\/\/portalcatolico.net\/portal\/wp-admin\/admin-ajax.php\" method=\"post\"><input type=\"hidden\" name=\"bookmarkid\" value=\"88449\" ><input type=\"hidden\" name=\"action\" value=\"bookmark_form\"><input type=\"hidden\" name=\"userid\" value=\"0\"><input type=\"button\" class=\"btn-bookmark\"  value=\"bookmark\" name=\"submit\"><\/form><\/div><div class=\"common-post-item-intro-text\"><span class=\"entry-category red\"><span class=\"category-color-wrap\"><span class=\"category-color category-color1\">D<\/span><a href=\"https:\/\/portalcatolico.net\/portal\/category\/destaques\/\" rel=\"category tag\">Destaques<\/a><\/span><\/span><h3 class=\"entry-title\"><a href=\"https:\/\/portalcatolico.net\/portal\/documentario-terra-de-santa-cruz-tera-exibicao-especial-no-local-da-primeira-missa-do-brasil\/\">Document\u00e1rio &#8220;Terra de Santa Cruz&#8221; ter\u00e1 exibi\u00e7\u00e3o especial no local da Primeira Missa do Brasil.<\/a><\/h3><\/div><\/div><div class=\"latest-featured-post-small col-sm-4\"><div class=\"themeum-latest-featured-post-item common-post-item common-post-item-text\"><div class=\"overlay black no\"><\/div><div class=\"common-post-item-in\" style=\"height:180px;background: url(https:\/\/portalcatolico.net\/portal\/wp-content\/uploads\/2026\/09\/6346524b-fcfe-4a53-9338-39b3847480ef-263x253.jpg) no-repeat;background-size: cover;\"><\/div><div class=\"newedge-post-share-social\"><a href=\"#\" data-type=\"facebook\" data-url=\"https:\/\/portalcatolico.net\/portal\/apostolado-da-oracao-celebra-124-anos-de-fe-e-missao-na-paroquia-sao-boaventura-em-canavieiras\/\" data-title=\"Apostolado da Ora\u00e7\u00e3o celebra 124 anos de f\u00e9 e miss\u00e3o na Par\u00f3quia S\u00e3o Boaventura, em Canavieiras.\" data-description=\"Apostolado da Ora\u00e7\u00e3o celebra 124 anos de f\u00e9 e miss\u00e3o na Par\u00f3quia S\u00e3o Boaventura, em Canavieiras.\" data-media=\"https:\/\/portalcatolico.net\/portal\/wp-content\/uploads\/2026\/09\/6346524b-fcfe-4a53-9338-39b3847480ef.jpg\" class=\"prettySocial fa fa-facebook\"><\/a><a href=\"#\" data-type=\"twitter\" data-url=\"https:\/\/portalcatolico.net\/portal\/apostolado-da-oracao-celebra-124-anos-de-fe-e-missao-na-paroquia-sao-boaventura-em-canavieiras\/\" data-description=\"Apostolado da Ora\u00e7\u00e3o celebra 124 anos de f\u00e9 e miss\u00e3o na Par\u00f3quia S\u00e3o Boaventura, em Canavieiras.\" data-via=\"newedge\" class=\"prettySocial fa fa-twitter\"><\/a><a href=\"#\" data-type=\"googleplus\" data-url=\"https:\/\/portalcatolico.net\/portal\/apostolado-da-oracao-celebra-124-anos-de-fe-e-missao-na-paroquia-sao-boaventura-em-canavieiras\/\" data-description=\"Apostolado da Ora\u00e7\u00e3o celebra 124 anos de f\u00e9 e miss\u00e3o na Par\u00f3quia S\u00e3o Boaventura, em Canavieiras.\" class=\"prettySocial fa fa-google-plus\"><\/a><a href=\"#\" data-type=\"pinterest\" data-url=\"https:\/\/portalcatolico.net\/portal\/apostolado-da-oracao-celebra-124-anos-de-fe-e-missao-na-paroquia-sao-boaventura-em-canavieiras\/\" data-description=\"Apostolado da Ora\u00e7\u00e3o celebra 124 anos de f\u00e9 e miss\u00e3o na Par\u00f3quia S\u00e3o Boaventura, em Canavieiras.\" data-media=\"https:\/\/portalcatolico.net\/portal\/wp-content\/uploads\/2026\/09\/6346524b-fcfe-4a53-9338-39b3847480ef.jpg\" class=\"prettySocial fa fa-pinterest\"><\/a><a href=\"#\" data-type=\"linkedin\" data-url=\"https:\/\/portalcatolico.net\/portal\/apostolado-da-oracao-celebra-124-anos-de-fe-e-missao-na-paroquia-sao-boaventura-em-canavieiras\/\" data-title=\"Apostolado da Ora\u00e7\u00e3o celebra 124 anos de f\u00e9 e miss\u00e3o na Par\u00f3quia S\u00e3o Boaventura, em Canavieiras.\" data-description=\"Apostolado da Ora\u00e7\u00e3o celebra 124 anos de f\u00e9 e miss\u00e3o na Par\u00f3quia S\u00e3o Boaventura, em Canavieiras.\" data-via=\"newedge\" data-media=\"https:\/\/portalcatolico.net\/portal\/wp-content\/uploads\/2026\/09\/6346524b-fcfe-4a53-9338-39b3847480ef.jpg\" class=\"prettySocial fa fa-linkedin\"><\/a><div class=\"share-icon\"><i class=\"fa fa-share-alt\"><\/i><\/div><\/div><form class=\"bookmark \" action=\"https:\/\/portalcatolico.net\/portal\/wp-admin\/admin-ajax.php\" method=\"post\"><input type=\"hidden\" name=\"bookmarkid\" value=\"88446\" ><input type=\"hidden\" name=\"action\" value=\"bookmark_form\"><input type=\"hidden\" name=\"userid\" value=\"0\"><input type=\"button\" class=\"btn-bookmark\"  value=\"bookmark\" name=\"submit\"><\/form><\/div><div class=\"common-post-item-intro-text\"><span class=\"entry-category blue\"><span class=\"category-color-wrap\"><span class=\"category-color category-color1\">D<\/span><a href=\"https:\/\/portalcatolico.net\/portal\/category\/destaques\/\" rel=\"category tag\">Destaques<\/a><\/span><\/span><h3 class=\"entry-title\"><a href=\"https:\/\/portalcatolico.net\/portal\/apostolado-da-oracao-celebra-124-anos-de-fe-e-missao-na-paroquia-sao-boaventura-em-canavieiras\/\">Apostolado da Ora\u00e7\u00e3o celebra 124 anos de f\u00e9 e miss\u00e3o na Par\u00f3quia S\u00e3o Boaventura, em Canavieiras.<\/a><\/h3><\/div><\/div><div class=\"latest-featured-post-small col-sm-4\"><div class=\"themeum-latest-featured-post-item common-post-item common-post-item-text\"><div class=\"overlay black no\"><\/div><div class=\"common-post-item-in\" style=\"height:180px;background: url(https:\/\/portalcatolico.net\/portal\/wp-content\/uploads\/2025\/04\/jailton-2-263x253.png) no-repeat;background-size: cover;\"><\/div><div class=\"newedge-post-share-social\"><a href=\"#\" data-type=\"facebook\" data-url=\"https:\/\/portalcatolico.net\/portal\/a-fe-que-cura-renova-e-envia\/\" data-title=\"A f\u00e9 que cura, renova e envia\" data-description=\"A f\u00e9 que cura, renova e envia\" data-media=\"https:\/\/portalcatolico.net\/portal\/wp-content\/uploads\/2025\/04\/jailton-2.png\" class=\"prettySocial fa fa-facebook\"><\/a><a href=\"#\" data-type=\"twitter\" data-url=\"https:\/\/portalcatolico.net\/portal\/a-fe-que-cura-renova-e-envia\/\" data-description=\"A f\u00e9 que cura, renova e envia\" data-via=\"newedge\" class=\"prettySocial fa fa-twitter\"><\/a><a href=\"#\" data-type=\"googleplus\" data-url=\"https:\/\/portalcatolico.net\/portal\/a-fe-que-cura-renova-e-envia\/\" data-description=\"A f\u00e9 que cura, renova e envia\" class=\"prettySocial fa fa-google-plus\"><\/a><a href=\"#\" data-type=\"pinterest\" data-url=\"https:\/\/portalcatolico.net\/portal\/a-fe-que-cura-renova-e-envia\/\" data-description=\"A f\u00e9 que cura, renova e envia\" data-media=\"https:\/\/portalcatolico.net\/portal\/wp-content\/uploads\/2025\/04\/jailton-2.png\" class=\"prettySocial fa fa-pinterest\"><\/a><a href=\"#\" data-type=\"linkedin\" data-url=\"https:\/\/portalcatolico.net\/portal\/a-fe-que-cura-renova-e-envia\/\" data-title=\"A f\u00e9 que cura, renova e envia\" data-description=\"A f\u00e9 que cura, renova e envia\" data-via=\"newedge\" data-media=\"https:\/\/portalcatolico.net\/portal\/wp-content\/uploads\/2025\/04\/jailton-2.png\" class=\"prettySocial fa fa-linkedin\"><\/a><div class=\"share-icon\"><i class=\"fa fa-share-alt\"><\/i><\/div><\/div><form class=\"bookmark \" action=\"https:\/\/portalcatolico.net\/portal\/wp-admin\/admin-ajax.php\" method=\"post\"><input type=\"hidden\" name=\"bookmarkid\" value=\"88443\" ><input type=\"hidden\" name=\"action\" value=\"bookmark_form\"><input type=\"hidden\" name=\"userid\" value=\"0\"><input type=\"button\" class=\"btn-bookmark\"  value=\"bookmark\" name=\"submit\"><\/form><\/div><div class=\"common-post-item-intro-text\"><span class=\"entry-category red\"><span class=\"category-color-wrap\"><span class=\"category-color category-color1\">A<\/span><a href=\"https:\/\/portalcatolico.net\/portal\/category\/artigos\/\" rel=\"category tag\">Artigos<\/a><\/span><\/span><h3 class=\"entry-title\"><a href=\"https:\/\/portalcatolico.net\/portal\/a-fe-que-cura-renova-e-envia\/\">A f\u00e9 que cura, renova e envia<\/a><\/h3><\/div><\/div><\/div><div class=\"row\"><div class=\"latest-featured-post-small col-sm-4\"><div class=\"themeum-latest-featured-post-item common-post-item common-post-item-text\"><div class=\"overlay black no\"><\/div><div class=\"common-post-item-in\" style=\"height:180px;background: url(https:\/\/portalcatolico.net\/portal\/wp-content\/uploads\/2026\/09\/seminarios-bispos-referenciais-laicato-e1788442954708-263x253.jpeg) no-repeat;background-size: cover;\"><\/div><div class=\"newedge-post-share-social\"><a href=\"#\" data-type=\"facebook\" data-url=\"https:\/\/portalcatolico.net\/portal\/seminario-com-bispos-referenciais-para-as-cebs\/\" data-title=\"Semin\u00e1rio com bispos referenciais para as CEBs\" data-description=\"Semin\u00e1rio com bispos referenciais para as CEBs\" data-media=\"https:\/\/portalcatolico.net\/portal\/wp-content\/uploads\/2026\/09\/seminarios-bispos-referenciais-laicato-e1788442954708.jpeg\" class=\"prettySocial fa fa-facebook\"><\/a><a href=\"#\" data-type=\"twitter\" data-url=\"https:\/\/portalcatolico.net\/portal\/seminario-com-bispos-referenciais-para-as-cebs\/\" data-description=\"Semin\u00e1rio com bispos referenciais para as CEBs\" data-via=\"newedge\" class=\"prettySocial fa fa-twitter\"><\/a><a href=\"#\" data-type=\"googleplus\" data-url=\"https:\/\/portalcatolico.net\/portal\/seminario-com-bispos-referenciais-para-as-cebs\/\" data-description=\"Semin\u00e1rio com bispos referenciais para as CEBs\" class=\"prettySocial fa fa-google-plus\"><\/a><a href=\"#\" data-type=\"pinterest\" data-url=\"https:\/\/portalcatolico.net\/portal\/seminario-com-bispos-referenciais-para-as-cebs\/\" data-description=\"Semin\u00e1rio com bispos referenciais para as CEBs\" data-media=\"https:\/\/portalcatolico.net\/portal\/wp-content\/uploads\/2026\/09\/seminarios-bispos-referenciais-laicato-e1788442954708.jpeg\" class=\"prettySocial fa fa-pinterest\"><\/a><a href=\"#\" data-type=\"linkedin\" data-url=\"https:\/\/portalcatolico.net\/portal\/seminario-com-bispos-referenciais-para-as-cebs\/\" data-title=\"Semin\u00e1rio com bispos referenciais para as CEBs\" data-description=\"Semin\u00e1rio com bispos referenciais para as CEBs\" data-via=\"newedge\" data-media=\"https:\/\/portalcatolico.net\/portal\/wp-content\/uploads\/2026\/09\/seminarios-bispos-referenciais-laicato-e1788442954708.jpeg\" class=\"prettySocial fa fa-linkedin\"><\/a><div class=\"share-icon\"><i class=\"fa fa-share-alt\"><\/i><\/div><\/div><form class=\"bookmark \" action=\"https:\/\/portalcatolico.net\/portal\/wp-admin\/admin-ajax.php\" method=\"post\"><input type=\"hidden\" name=\"bookmarkid\" value=\"88439\" ><input type=\"hidden\" name=\"action\" value=\"bookmark_form\"><input type=\"hidden\" name=\"userid\" value=\"0\"><input type=\"button\" class=\"btn-bookmark\"  value=\"bookmark\" name=\"submit\"><\/form><\/div><div class=\"common-post-item-intro-text\"><span class=\"entry-category green\"><span class=\"category-color-wrap\"><span class=\"category-color category-color1\">D<\/span><a href=\"https:\/\/portalcatolico.net\/portal\/category\/destaques\/\" rel=\"category tag\">Destaques<\/a><\/span><\/span><h3 class=\"entry-title\"><a href=\"https:\/\/portalcatolico.net\/portal\/seminario-com-bispos-referenciais-para-as-cebs\/\">Semin\u00e1rio com bispos referenciais para as CEBs<\/a><\/h3><\/div><\/div><div class=\"latest-featured-post-small col-sm-4\"><div class=\"themeum-latest-featured-post-item common-post-item common-post-item-text\"><div class=\"overlay black no\"><\/div><div class=\"common-post-item-in\" style=\"height:180px;background: url(https:\/\/portalcatolico.net\/portal\/wp-content\/uploads\/2026\/09\/WhatsApp_Image_2026-09-02_at_16.06.06_xyhn1l-263x253.jpg) no-repeat;background-size: cover;\"><\/div><div class=\"newedge-post-share-social\"><a href=\"#\" data-type=\"facebook\" data-url=\"https:\/\/portalcatolico.net\/portal\/88434-2\/\" data-title=\"Par\u00f3quia nos EUA \u00e9 a primeira no mundo a homenagear a m\u00e1rtir gan\u00eas morto em 2015\" data-description=\"Par\u00f3quia nos EUA \u00e9 a primeira no mundo a homenagear a m\u00e1rtir gan\u00eas morto em 2015\" data-media=\"https:\/\/portalcatolico.net\/portal\/wp-content\/uploads\/2026\/09\/WhatsApp_Image_2026-09-02_at_16.06.06_xyhn1l.jpg\" class=\"prettySocial fa fa-facebook\"><\/a><a href=\"#\" data-type=\"twitter\" data-url=\"https:\/\/portalcatolico.net\/portal\/88434-2\/\" data-description=\"Par\u00f3quia nos EUA \u00e9 a primeira no mundo a homenagear a m\u00e1rtir gan\u00eas morto em 2015\" data-via=\"newedge\" class=\"prettySocial fa fa-twitter\"><\/a><a href=\"#\" data-type=\"googleplus\" data-url=\"https:\/\/portalcatolico.net\/portal\/88434-2\/\" data-description=\"Par\u00f3quia nos EUA \u00e9 a primeira no mundo a homenagear a m\u00e1rtir gan\u00eas morto em 2015\" class=\"prettySocial fa fa-google-plus\"><\/a><a href=\"#\" data-type=\"pinterest\" data-url=\"https:\/\/portalcatolico.net\/portal\/88434-2\/\" data-description=\"Par\u00f3quia nos EUA \u00e9 a primeira no mundo a homenagear a m\u00e1rtir gan\u00eas morto em 2015\" data-media=\"https:\/\/portalcatolico.net\/portal\/wp-content\/uploads\/2026\/09\/WhatsApp_Image_2026-09-02_at_16.06.06_xyhn1l.jpg\" class=\"prettySocial fa fa-pinterest\"><\/a><a href=\"#\" data-type=\"linkedin\" data-url=\"https:\/\/portalcatolico.net\/portal\/88434-2\/\" data-title=\"Par\u00f3quia nos EUA \u00e9 a primeira no mundo a homenagear a m\u00e1rtir gan\u00eas morto em 2015\" data-description=\"Par\u00f3quia nos EUA \u00e9 a primeira no mundo a homenagear a m\u00e1rtir gan\u00eas morto em 2015\" data-via=\"newedge\" data-media=\"https:\/\/portalcatolico.net\/portal\/wp-content\/uploads\/2026\/09\/WhatsApp_Image_2026-09-02_at_16.06.06_xyhn1l.jpg\" class=\"prettySocial fa fa-linkedin\"><\/a><div class=\"share-icon\"><i class=\"fa fa-share-alt\"><\/i><\/div><\/div><form class=\"bookmark \" action=\"https:\/\/portalcatolico.net\/portal\/wp-admin\/admin-ajax.php\" method=\"post\"><input type=\"hidden\" name=\"bookmarkid\" value=\"88434\" ><input type=\"hidden\" name=\"action\" value=\"bookmark_form\"><input type=\"hidden\" name=\"userid\" value=\"0\"><input type=\"button\" class=\"btn-bookmark\"  value=\"bookmark\" name=\"submit\"><\/form><\/div><div class=\"common-post-item-intro-text\"><span class=\"entry-category red\"><span class=\"category-color-wrap\"><span class=\"category-color category-color1\">I<\/span><a href=\"https:\/\/portalcatolico.net\/portal\/category\/igreja_no_mundo\/\" rel=\"category tag\">Igreja no Mundo<\/a><\/span><\/span><h3 class=\"entry-title\"><a href=\"https:\/\/portalcatolico.net\/portal\/88434-2\/\">Par\u00f3quia nos EUA \u00e9 a primeira no mundo a homenagear a m\u00e1rtir gan\u00eas morto em 2015<\/a><\/h3><\/div><\/div><div class=\"latest-featured-post-small col-sm-4\"><div class=\"themeum-latest-featured-post-item common-post-item common-post-item-text\"><div class=\"overlay black no\"><\/div><div class=\"common-post-item-in\" style=\"height:180px;background: url(https:\/\/portalcatolico.net\/portal\/wp-content\/uploads\/2026\/09\/f68c8e7e-2ada-464c-86fa-b15694d36b22-263x253.jpg) no-repeat;background-size: cover;\"><\/div><div class=\"newedge-post-share-social\"><a href=\"#\" data-type=\"facebook\" data-url=\"https:\/\/portalcatolico.net\/portal\/padre-tony-convida-fieis-para-a-4a-edicao-do-bloco-vem-pra-cristo-em-santa-ines\/\" data-title=\"Padre Tony convida fi\u00e9is para a 4\u00aa edi\u00e7\u00e3o do Bloco Vem Pra Cristo, em Santa In\u00eas.\" data-description=\"Padre Tony convida fi\u00e9is para a 4\u00aa edi\u00e7\u00e3o do Bloco Vem Pra Cristo, em Santa In\u00eas.\" data-media=\"https:\/\/portalcatolico.net\/portal\/wp-content\/uploads\/2026\/09\/f68c8e7e-2ada-464c-86fa-b15694d36b22.jpg\" class=\"prettySocial fa fa-facebook\"><\/a><a href=\"#\" data-type=\"twitter\" data-url=\"https:\/\/portalcatolico.net\/portal\/padre-tony-convida-fieis-para-a-4a-edicao-do-bloco-vem-pra-cristo-em-santa-ines\/\" data-description=\"Padre Tony convida fi\u00e9is para a 4\u00aa edi\u00e7\u00e3o do Bloco Vem Pra Cristo, em Santa In\u00eas.\" data-via=\"newedge\" class=\"prettySocial fa fa-twitter\"><\/a><a href=\"#\" data-type=\"googleplus\" data-url=\"https:\/\/portalcatolico.net\/portal\/padre-tony-convida-fieis-para-a-4a-edicao-do-bloco-vem-pra-cristo-em-santa-ines\/\" data-description=\"Padre Tony convida fi\u00e9is para a 4\u00aa edi\u00e7\u00e3o do Bloco Vem Pra Cristo, em Santa In\u00eas.\" class=\"prettySocial fa fa-google-plus\"><\/a><a href=\"#\" data-type=\"pinterest\" data-url=\"https:\/\/portalcatolico.net\/portal\/padre-tony-convida-fieis-para-a-4a-edicao-do-bloco-vem-pra-cristo-em-santa-ines\/\" data-description=\"Padre Tony convida fi\u00e9is para a 4\u00aa edi\u00e7\u00e3o do Bloco Vem Pra Cristo, em Santa In\u00eas.\" data-media=\"https:\/\/portalcatolico.net\/portal\/wp-content\/uploads\/2026\/09\/f68c8e7e-2ada-464c-86fa-b15694d36b22.jpg\" class=\"prettySocial fa fa-pinterest\"><\/a><a href=\"#\" data-type=\"linkedin\" data-url=\"https:\/\/portalcatolico.net\/portal\/padre-tony-convida-fieis-para-a-4a-edicao-do-bloco-vem-pra-cristo-em-santa-ines\/\" data-title=\"Padre Tony convida fi\u00e9is para a 4\u00aa edi\u00e7\u00e3o do Bloco Vem Pra Cristo, em Santa In\u00eas.\" data-description=\"Padre Tony convida fi\u00e9is para a 4\u00aa edi\u00e7\u00e3o do Bloco Vem Pra Cristo, em Santa In\u00eas.\" data-via=\"newedge\" data-media=\"https:\/\/portalcatolico.net\/portal\/wp-content\/uploads\/2026\/09\/f68c8e7e-2ada-464c-86fa-b15694d36b22.jpg\" class=\"prettySocial fa fa-linkedin\"><\/a><div class=\"share-icon\"><i class=\"fa fa-share-alt\"><\/i><\/div><\/div><form class=\"bookmark \" action=\"https:\/\/portalcatolico.net\/portal\/wp-admin\/admin-ajax.php\" method=\"post\"><input type=\"hidden\" name=\"bookmarkid\" value=\"88431\" ><input type=\"hidden\" name=\"action\" value=\"bookmark_form\"><input type=\"hidden\" name=\"userid\" value=\"0\"><input type=\"button\" class=\"btn-bookmark\"  value=\"bookmark\" name=\"submit\"><\/form><\/div><div class=\"common-post-item-intro-text\"><span class=\"entry-category pink\"><span class=\"category-color-wrap\"><span class=\"category-color category-color1\">A<\/span><a href=\"https:\/\/portalcatolico.net\/portal\/category\/agenda\/\" rel=\"category tag\">Agenda<\/a><\/span><\/span><h3 class=\"entry-title\"><a href=\"https:\/\/portalcatolico.net\/portal\/padre-tony-convida-fieis-para-a-4a-edicao-do-bloco-vem-pra-cristo-em-santa-ines\/\">Padre Tony convida fi\u00e9is para a 4\u00aa edi\u00e7\u00e3o do Bloco Vem Pra Cristo, em Santa In\u00eas.<\/a><\/h3><\/div><\/div><div class=\"latest-featured-post-small col-sm-4\"><div class=\"themeum-latest-featured-post-item common-post-item common-post-item-text\"><div class=\"overlay black no\"><\/div><div class=\"common-post-item-in\" style=\"height:180px;background: url(https:\/\/portalcatolico.net\/portal\/wp-content\/uploads\/2026\/09\/Captura-de-tela-2026-09-02-134614-02-1536x868-1-263x253.png) no-repeat;background-size: cover;\"><\/div><div class=\"newedge-post-share-social\"><a href=\"#\" data-type=\"facebook\" data-url=\"https:\/\/portalcatolico.net\/portal\/cardeais-do-brasil-participam-de-dialogo-sobre-igreja-e-politica-as-vesperas-das-eleicoes-de-2026\/\" data-title=\"Cardeais do Brasil participam de di\u00e1logo sobre Igreja e pol\u00edtica \u00e0s v\u00e9speras das elei\u00e7\u00f5es de 2026\" data-description=\"Cardeais do Brasil participam de di\u00e1logo sobre Igreja e pol\u00edtica \u00e0s v\u00e9speras das elei\u00e7\u00f5es de 2026\" data-media=\"https:\/\/portalcatolico.net\/portal\/wp-content\/uploads\/2026\/09\/Captura-de-tela-2026-09-02-134614-02-1536x868-1.png\" class=\"prettySocial fa fa-facebook\"><\/a><a href=\"#\" data-type=\"twitter\" data-url=\"https:\/\/portalcatolico.net\/portal\/cardeais-do-brasil-participam-de-dialogo-sobre-igreja-e-politica-as-vesperas-das-eleicoes-de-2026\/\" data-description=\"Cardeais do Brasil participam de di\u00e1logo sobre Igreja e pol\u00edtica \u00e0s v\u00e9speras das elei\u00e7\u00f5es de 2026\" data-via=\"newedge\" class=\"prettySocial fa fa-twitter\"><\/a><a href=\"#\" data-type=\"googleplus\" data-url=\"https:\/\/portalcatolico.net\/portal\/cardeais-do-brasil-participam-de-dialogo-sobre-igreja-e-politica-as-vesperas-das-eleicoes-de-2026\/\" data-description=\"Cardeais do Brasil participam de di\u00e1logo sobre Igreja e pol\u00edtica \u00e0s v\u00e9speras das elei\u00e7\u00f5es de 2026\" class=\"prettySocial fa fa-google-plus\"><\/a><a href=\"#\" data-type=\"pinterest\" data-url=\"https:\/\/portalcatolico.net\/portal\/cardeais-do-brasil-participam-de-dialogo-sobre-igreja-e-politica-as-vesperas-das-eleicoes-de-2026\/\" data-description=\"Cardeais do Brasil participam de di\u00e1logo sobre Igreja e pol\u00edtica \u00e0s v\u00e9speras das elei\u00e7\u00f5es de 2026\" data-media=\"https:\/\/portalcatolico.net\/portal\/wp-content\/uploads\/2026\/09\/Captura-de-tela-2026-09-02-134614-02-1536x868-1.png\" class=\"prettySocial fa fa-pinterest\"><\/a><a href=\"#\" data-type=\"linkedin\" data-url=\"https:\/\/portalcatolico.net\/portal\/cardeais-do-brasil-participam-de-dialogo-sobre-igreja-e-politica-as-vesperas-das-eleicoes-de-2026\/\" data-title=\"Cardeais do Brasil participam de di\u00e1logo sobre Igreja e pol\u00edtica \u00e0s v\u00e9speras das elei\u00e7\u00f5es de 2026\" data-description=\"Cardeais do Brasil participam de di\u00e1logo sobre Igreja e pol\u00edtica \u00e0s v\u00e9speras das elei\u00e7\u00f5es de 2026\" data-via=\"newedge\" data-media=\"https:\/\/portalcatolico.net\/portal\/wp-content\/uploads\/2026\/09\/Captura-de-tela-2026-09-02-134614-02-1536x868-1.png\" class=\"prettySocial fa fa-linkedin\"><\/a><div class=\"share-icon\"><i class=\"fa fa-share-alt\"><\/i><\/div><\/div><form class=\"bookmark \" action=\"https:\/\/portalcatolico.net\/portal\/wp-admin\/admin-ajax.php\" method=\"post\"><input type=\"hidden\" name=\"bookmarkid\" value=\"88428\" ><input type=\"hidden\" name=\"action\" value=\"bookmark_form\"><input type=\"hidden\" name=\"userid\" value=\"0\"><input type=\"button\" class=\"btn-bookmark\"  value=\"bookmark\" name=\"submit\"><\/form><\/div><div class=\"common-post-item-intro-text\"><span class=\"entry-category red\"><span class=\"category-color-wrap\"><span class=\"category-color category-color1\">D<\/span><a href=\"https:\/\/portalcatolico.net\/portal\/category\/destaques\/\" rel=\"category tag\">Destaques<\/a><\/span><\/span><h3 class=\"entry-title\"><a href=\"https:\/\/portalcatolico.net\/portal\/cardeais-do-brasil-participam-de-dialogo-sobre-igreja-e-politica-as-vesperas-das-eleicoes-de-2026\/\">Cardeais do Brasil participam de di\u00e1logo sobre Igreja e pol\u00edtica \u00e0s v\u00e9speras das elei\u00e7\u00f5es de 2026<\/a><\/h3><\/div><\/div><div class=\"latest-featured-post-small col-sm-4\"><div class=\"themeum-latest-featured-post-item common-post-item common-post-item-text\"><div class=\"overlay black no\"><\/div><div class=\"common-post-item-in\" style=\"height:180px;background: url(https:\/\/portalcatolico.net\/portal\/wp-content\/uploads\/2026\/09\/cq5dam.thumbnail.cropped.1500.844-47-263x253.jpeg) no-repeat;background-size: cover;\"><\/div><div class=\"newedge-post-share-social\"><a href=\"#\" data-type=\"facebook\" data-url=\"https:\/\/portalcatolico.net\/portal\/papa-a-igreja-nao-pode-permanecer-passiva-nem-indiferente-ao-que-acontece-no-mundo\/\" data-title=\"Papa: a Igreja n\u00e3o pode permanecer passiva nem indiferente ao que acontece no mundo\" data-description=\"Papa: a Igreja n\u00e3o pode permanecer passiva nem indiferente ao que acontece no mundo\" data-media=\"https:\/\/portalcatolico.net\/portal\/wp-content\/uploads\/2026\/09\/cq5dam.thumbnail.cropped.1500.844-47.jpeg\" class=\"prettySocial fa fa-facebook\"><\/a><a href=\"#\" data-type=\"twitter\" data-url=\"https:\/\/portalcatolico.net\/portal\/papa-a-igreja-nao-pode-permanecer-passiva-nem-indiferente-ao-que-acontece-no-mundo\/\" data-description=\"Papa: a Igreja n\u00e3o pode permanecer passiva nem indiferente ao que acontece no mundo\" data-via=\"newedge\" class=\"prettySocial fa fa-twitter\"><\/a><a href=\"#\" data-type=\"googleplus\" data-url=\"https:\/\/portalcatolico.net\/portal\/papa-a-igreja-nao-pode-permanecer-passiva-nem-indiferente-ao-que-acontece-no-mundo\/\" data-description=\"Papa: a Igreja n\u00e3o pode permanecer passiva nem indiferente ao que acontece no mundo\" class=\"prettySocial fa fa-google-plus\"><\/a><a href=\"#\" data-type=\"pinterest\" data-url=\"https:\/\/portalcatolico.net\/portal\/papa-a-igreja-nao-pode-permanecer-passiva-nem-indiferente-ao-que-acontece-no-mundo\/\" data-description=\"Papa: a Igreja n\u00e3o pode permanecer passiva nem indiferente ao que acontece no mundo\" data-media=\"https:\/\/portalcatolico.net\/portal\/wp-content\/uploads\/2026\/09\/cq5dam.thumbnail.cropped.1500.844-47.jpeg\" class=\"prettySocial fa fa-pinterest\"><\/a><a href=\"#\" data-type=\"linkedin\" data-url=\"https:\/\/portalcatolico.net\/portal\/papa-a-igreja-nao-pode-permanecer-passiva-nem-indiferente-ao-que-acontece-no-mundo\/\" data-title=\"Papa: a Igreja n\u00e3o pode permanecer passiva nem indiferente ao que acontece no mundo\" data-description=\"Papa: a Igreja n\u00e3o pode permanecer passiva nem indiferente ao que acontece no mundo\" data-via=\"newedge\" data-media=\"https:\/\/portalcatolico.net\/portal\/wp-content\/uploads\/2026\/09\/cq5dam.thumbnail.cropped.1500.844-47.jpeg\" class=\"prettySocial fa fa-linkedin\"><\/a><div class=\"share-icon\"><i class=\"fa fa-share-alt\"><\/i><\/div><\/div><form class=\"bookmark \" action=\"https:\/\/portalcatolico.net\/portal\/wp-admin\/admin-ajax.php\" method=\"post\"><input type=\"hidden\" name=\"bookmarkid\" value=\"88425\" ><input type=\"hidden\" name=\"action\" value=\"bookmark_form\"><input type=\"hidden\" name=\"userid\" value=\"0\"><input type=\"button\" class=\"btn-bookmark\"  value=\"bookmark\" name=\"submit\"><\/form><\/div><div class=\"common-post-item-intro-text\"><span class=\"entry-category pink\"><span class=\"category-color-wrap\"><span class=\"category-color category-color1\">I<\/span><a href=\"https:\/\/portalcatolico.net\/portal\/category\/igreja_no_mundo\/\" rel=\"category tag\">Igreja no Mundo<\/a><\/span><\/span><h3 class=\"entry-title\"><a href=\"https:\/\/portalcatolico.net\/portal\/papa-a-igreja-nao-pode-permanecer-passiva-nem-indiferente-ao-que-acontece-no-mundo\/\">Papa: a Igreja n\u00e3o pode permanecer passiva nem indiferente ao que acontece no mundo<\/a><\/h3><\/div><\/div><div class=\"latest-featured-post-small col-sm-4\"><div class=\"themeum-latest-featured-post-item common-post-item common-post-item-text\"><div class=\"overlay black no\"><\/div><div class=\"common-post-item-in\" style=\"height:180px;background: url(https:\/\/portalcatolico.net\/portal\/wp-content\/uploads\/2026\/09\/21741169_1901972033396072_1999010229699321003_o-1-263x253.jpg) no-repeat;background-size: cover;\"><\/div><div class=\"newedge-post-share-social\"><a href=\"#\" data-type=\"facebook\" data-url=\"https:\/\/portalcatolico.net\/portal\/festa-de-nossa-senhora-da-pena-celebra-491-anos-de-fe-e-tradicao-em-porto-seguro\/\" data-title=\"Festa de Nossa Senhora da Pena celebra 491 anos de f\u00e9 e tradi\u00e7\u00e3o em Porto Seguro.\" data-description=\"Festa de Nossa Senhora da Pena celebra 491 anos de f\u00e9 e tradi\u00e7\u00e3o em Porto Seguro.\" data-media=\"https:\/\/portalcatolico.net\/portal\/wp-content\/uploads\/2026\/09\/21741169_1901972033396072_1999010229699321003_o-1.jpg\" class=\"prettySocial fa fa-facebook\"><\/a><a href=\"#\" data-type=\"twitter\" data-url=\"https:\/\/portalcatolico.net\/portal\/festa-de-nossa-senhora-da-pena-celebra-491-anos-de-fe-e-tradicao-em-porto-seguro\/\" data-description=\"Festa de Nossa Senhora da Pena celebra 491 anos de f\u00e9 e tradi\u00e7\u00e3o em Porto Seguro.\" data-via=\"newedge\" class=\"prettySocial fa fa-twitter\"><\/a><a href=\"#\" data-type=\"googleplus\" data-url=\"https:\/\/portalcatolico.net\/portal\/festa-de-nossa-senhora-da-pena-celebra-491-anos-de-fe-e-tradicao-em-porto-seguro\/\" data-description=\"Festa de Nossa Senhora da Pena celebra 491 anos de f\u00e9 e tradi\u00e7\u00e3o em Porto Seguro.\" class=\"prettySocial fa fa-google-plus\"><\/a><a href=\"#\" data-type=\"pinterest\" data-url=\"https:\/\/portalcatolico.net\/portal\/festa-de-nossa-senhora-da-pena-celebra-491-anos-de-fe-e-tradicao-em-porto-seguro\/\" data-description=\"Festa de Nossa Senhora da Pena celebra 491 anos de f\u00e9 e tradi\u00e7\u00e3o em Porto Seguro.\" data-media=\"https:\/\/portalcatolico.net\/portal\/wp-content\/uploads\/2026\/09\/21741169_1901972033396072_1999010229699321003_o-1.jpg\" class=\"prettySocial fa fa-pinterest\"><\/a><a href=\"#\" data-type=\"linkedin\" data-url=\"https:\/\/portalcatolico.net\/portal\/festa-de-nossa-senhora-da-pena-celebra-491-anos-de-fe-e-tradicao-em-porto-seguro\/\" data-title=\"Festa de Nossa Senhora da Pena celebra 491 anos de f\u00e9 e tradi\u00e7\u00e3o em Porto Seguro.\" data-description=\"Festa de Nossa Senhora da Pena celebra 491 anos de f\u00e9 e tradi\u00e7\u00e3o em Porto Seguro.\" data-via=\"newedge\" data-media=\"https:\/\/portalcatolico.net\/portal\/wp-content\/uploads\/2026\/09\/21741169_1901972033396072_1999010229699321003_o-1.jpg\" class=\"prettySocial fa fa-linkedin\"><\/a><div class=\"share-icon\"><i class=\"fa fa-share-alt\"><\/i><\/div><\/div><form class=\"bookmark \" action=\"https:\/\/portalcatolico.net\/portal\/wp-admin\/admin-ajax.php\" method=\"post\"><input type=\"hidden\" name=\"bookmarkid\" value=\"88412\" ><input type=\"hidden\" name=\"action\" value=\"bookmark_form\"><input type=\"hidden\" name=\"userid\" value=\"0\"><input type=\"button\" class=\"btn-bookmark\"  value=\"bookmark\" name=\"submit\"><\/form><\/div><div class=\"common-post-item-intro-text\"><span class=\"entry-category red\"><span class=\"category-color-wrap\"><span class=\"category-color category-color1\">A<\/span><a href=\"https:\/\/portalcatolico.net\/portal\/category\/agenda\/\" rel=\"category tag\">Agenda<\/a><\/span><\/span><h3 class=\"entry-title\"><a href=\"https:\/\/portalcatolico.net\/portal\/festa-de-nossa-senhora-da-pena-celebra-491-anos-de-fe-e-tradicao-em-porto-seguro\/\">Festa de Nossa Senhora da Pena celebra 491 anos de f\u00e9 e tradi\u00e7\u00e3o em Porto Seguro.<\/a><\/h3><\/div><\/div><\/div><\/div>[vc_empty_space height=&#8221;15px&#8221;][vc_row_inner][vc_column_inner width=&#8221;1\/3&#8243;][vc_single_image image=&#8221;1843&#8243; img_size=&#8221;full&#8221; onclick=&#8221;custom_link&#8221; link=&#8221;http:\/\/www.graficamesquita.com.br\/&#8221;][\/vc_column_inner][vc_column_inner width=&#8221;1\/3&#8243;][vc_single_image image=&#8221;1847&#8243; img_size=&#8221;full&#8221; onclick=&#8221;custom_link&#8221; link=&#8221;http:\/\/www.lucservice.com.br\/&#8221;][\/vc_column_inner][vc_column_inner width=&#8221;1\/3&#8243;][vc_single_image image=&#8221;59734&#8243; img_size=&#8221;300&#215;125&#8243; onclick=&#8221;custom_link&#8221; link=&#8221;http:\/\/penseproclamai.com.br\/&#8221;][\/vc_column_inner][\/vc_row_inner][vc_empty_space height=&#8221;20px&#8221;][vc_row_inner][vc_column_inner]<div class=\"themeum-title  \"><h3 class=\"style-title\" style=\"margin:-20px 0 30px;font-weight:400;font-size:18px;line-height: normal;color:#0a0a0a;\"><span class=\"title-icon-style\" style=\"\"><i class=\"fa fa-image\"><\/i><\/span>Galeria de Fotos<\/h3><\/div><div class=\"themeum-gallery \"><div id=\"galleryslider\" class=\"gallery-controll flexslider\"><ul class=\"slides\"><li class=\"all-slides\"><div class=\"themeum-overlay-wrap yes\"><div class=\"common-post-item\"><div class=\"overlay video-post-icon-large black yes\"><a href=\"https:\/\/portalcatolico.net\/portal\/foto-site-da-diocese-de-almenara-mg\/\"><i class=\"fa fa-link\"><\/i><\/a><\/div><div class=\"common-post-item-in\" style=\"height:460px;background: url(https:\/\/portalcatolico.net\/portal\/wp-content\/uploads\/2022\/08\/aDom-Jose-Carlos-Brandao-Cabral-848x536.png) no-repeat;background-size: cover;\"><\/div><div class=\"newedge-post-share-social\"><a href=\"#\" data-type=\"facebook\" data-url=\"https:\/\/portalcatolico.net\/portal\/foto-site-da-diocese-de-almenara-mg\/\" data-title=\"Nomeado o novo Bispo de S\u00e3o Jo\u00e3o da Boa Vista\" data-description=\"Nomeado o novo Bispo de S\u00e3o Jo\u00e3o da Boa Vista\" data-media=\"https:\/\/portalcatolico.net\/portal\/wp-content\/uploads\/2022\/08\/aDom-Jose-Carlos-Brandao-Cabral.png\" class=\"prettySocial fa fa-facebook\"><\/a><a href=\"#\" data-type=\"twitter\" data-url=\"https:\/\/portalcatolico.net\/portal\/foto-site-da-diocese-de-almenara-mg\/\" data-description=\"Nomeado o novo Bispo de S\u00e3o Jo\u00e3o da Boa Vista\" data-via=\"newedge\" class=\"prettySocial fa fa-twitter\"><\/a><a href=\"#\" data-type=\"googleplus\" data-url=\"https:\/\/portalcatolico.net\/portal\/foto-site-da-diocese-de-almenara-mg\/\" data-description=\"Nomeado o novo Bispo de S\u00e3o Jo\u00e3o da Boa Vista\" class=\"prettySocial fa fa-google-plus\"><\/a><a href=\"#\" data-type=\"pinterest\" data-url=\"https:\/\/portalcatolico.net\/portal\/foto-site-da-diocese-de-almenara-mg\/\" data-description=\"Nomeado o novo Bispo de S\u00e3o Jo\u00e3o da Boa Vista\" data-media=\"https:\/\/portalcatolico.net\/portal\/wp-content\/uploads\/2022\/08\/aDom-Jose-Carlos-Brandao-Cabral.png\" class=\"prettySocial fa fa-pinterest\"><\/a><a href=\"#\" data-type=\"linkedin\" data-url=\"https:\/\/portalcatolico.net\/portal\/foto-site-da-diocese-de-almenara-mg\/\" data-title=\"Nomeado o novo Bispo de S\u00e3o Jo\u00e3o da Boa Vista\" data-description=\"Nomeado o novo Bispo de S\u00e3o Jo\u00e3o da Boa Vista\" data-via=\"newedge\" data-media=\"https:\/\/portalcatolico.net\/portal\/wp-content\/uploads\/2022\/08\/aDom-Jose-Carlos-Brandao-Cabral.png\" class=\"prettySocial fa fa-linkedin\"><\/a><div class=\"share-icon\"><i class=\"fa fa-share-alt\"><\/i><\/div><\/div><form class=\"bookmark \" action=\"https:\/\/portalcatolico.net\/portal\/wp-admin\/admin-ajax.php\" method=\"post\"><input type=\"hidden\" name=\"bookmarkid\" value=\"76123\" ><input type=\"hidden\" name=\"action\" value=\"bookmark_form\"><input type=\"hidden\" name=\"userid\" value=\"0\"><input type=\"button\" class=\"btn-bookmark\"  value=\"bookmark\" name=\"submit\"><\/form><\/div><\/div><\/li><li class=\"all-slides\"><div class=\"themeum-overlay-wrap yes\"><div class=\"common-post-item\"><div class=\"overlay video-post-icon-large black yes\"><a href=\"https:\/\/portalcatolico.net\/portal\/festa-de-nossa-senhora-rainha-dos-anjos-e-celebrada-em-itabuna\/\"><i class=\"fa fa-link\"><\/i><\/a><\/div><div class=\"common-post-item-in\" style=\"height:460px;background: url(https:\/\/portalcatolico.net\/portal\/wp-content\/uploads\/2019\/08\/06bcf77c-93d1-4c92-a68a-cc75e8aaeb08-720x536.jpg) no-repeat;background-size: cover;\"><\/div><div class=\"newedge-post-share-social\"><a href=\"#\" data-type=\"facebook\" data-url=\"https:\/\/portalcatolico.net\/portal\/festa-de-nossa-senhora-rainha-dos-anjos-e-celebrada-em-itabuna\/\" data-title=\"Festa de Nossa Senhora Rainha dos Anjos \u00e9 celebrada em Itabuna.\" data-description=\"Festa de Nossa Senhora Rainha dos Anjos \u00e9 celebrada em Itabuna.\" data-media=\"https:\/\/portalcatolico.net\/portal\/wp-content\/uploads\/2019\/08\/06bcf77c-93d1-4c92-a68a-cc75e8aaeb08.jpg\" class=\"prettySocial fa fa-facebook\"><\/a><a href=\"#\" data-type=\"twitter\" data-url=\"https:\/\/portalcatolico.net\/portal\/festa-de-nossa-senhora-rainha-dos-anjos-e-celebrada-em-itabuna\/\" data-description=\"Festa de Nossa Senhora Rainha dos Anjos \u00e9 celebrada em Itabuna.\" data-via=\"newedge\" class=\"prettySocial fa fa-twitter\"><\/a><a href=\"#\" data-type=\"googleplus\" data-url=\"https:\/\/portalcatolico.net\/portal\/festa-de-nossa-senhora-rainha-dos-anjos-e-celebrada-em-itabuna\/\" data-description=\"Festa de Nossa Senhora Rainha dos Anjos \u00e9 celebrada em Itabuna.\" class=\"prettySocial fa fa-google-plus\"><\/a><a href=\"#\" data-type=\"pinterest\" data-url=\"https:\/\/portalcatolico.net\/portal\/festa-de-nossa-senhora-rainha-dos-anjos-e-celebrada-em-itabuna\/\" data-description=\"Festa de Nossa Senhora Rainha dos Anjos \u00e9 celebrada em Itabuna.\" data-media=\"https:\/\/portalcatolico.net\/portal\/wp-content\/uploads\/2019\/08\/06bcf77c-93d1-4c92-a68a-cc75e8aaeb08.jpg\" class=\"prettySocial fa fa-pinterest\"><\/a><a href=\"#\" data-type=\"linkedin\" data-url=\"https:\/\/portalcatolico.net\/portal\/festa-de-nossa-senhora-rainha-dos-anjos-e-celebrada-em-itabuna\/\" data-title=\"Festa de Nossa Senhora Rainha dos Anjos \u00e9 celebrada em Itabuna.\" data-description=\"Festa de Nossa Senhora Rainha dos Anjos \u00e9 celebrada em Itabuna.\" data-via=\"newedge\" data-media=\"https:\/\/portalcatolico.net\/portal\/wp-content\/uploads\/2019\/08\/06bcf77c-93d1-4c92-a68a-cc75e8aaeb08.jpg\" class=\"prettySocial fa fa-linkedin\"><\/a><div class=\"share-icon\"><i class=\"fa fa-share-alt\"><\/i><\/div><\/div><form class=\"bookmark \" action=\"https:\/\/portalcatolico.net\/portal\/wp-admin\/admin-ajax.php\" method=\"post\"><input type=\"hidden\" name=\"bookmarkid\" value=\"66050\" ><input type=\"hidden\" name=\"action\" value=\"bookmark_form\"><input type=\"hidden\" name=\"userid\" value=\"0\"><input type=\"button\" class=\"btn-bookmark\"  value=\"bookmark\" name=\"submit\"><\/form><\/div><\/div><\/li><li class=\"all-slides\"><div class=\"themeum-overlay-wrap yes\"><div class=\"common-post-item\"><div class=\"overlay video-post-icon-large black yes\"><a href=\"https:\/\/portalcatolico.net\/portal\/feijoada-beneficente-da-creche-irma-margarida-acontece-sabado-em-itabuna\/\"><i class=\"fa fa-link\"><\/i><\/a><\/div><div class=\"common-post-item-in\" style=\"height:460px;background: url(https:\/\/portalcatolico.net\/portal\/wp-content\/uploads\/2019\/05\/feijoada-divulgacao1-848x536.jpg) no-repeat;background-size: cover;\"><\/div><div class=\"newedge-post-share-social\"><a href=\"#\" data-type=\"facebook\" data-url=\"https:\/\/portalcatolico.net\/portal\/feijoada-beneficente-da-creche-irma-margarida-acontece-sabado-em-itabuna\/\" data-title=\"Feijoada beneficente da Creche Irm\u00e3 Margarida acontece s\u00e1bado em Itabuna!\" data-description=\"Feijoada beneficente da Creche Irm\u00e3 Margarida acontece s\u00e1bado em Itabuna!\" data-media=\"https:\/\/portalcatolico.net\/portal\/wp-content\/uploads\/2019\/05\/feijoada-divulgacao1.jpg\" class=\"prettySocial fa fa-facebook\"><\/a><a href=\"#\" data-type=\"twitter\" data-url=\"https:\/\/portalcatolico.net\/portal\/feijoada-beneficente-da-creche-irma-margarida-acontece-sabado-em-itabuna\/\" data-description=\"Feijoada beneficente da Creche Irm\u00e3 Margarida acontece s\u00e1bado em Itabuna!\" data-via=\"newedge\" class=\"prettySocial fa fa-twitter\"><\/a><a href=\"#\" data-type=\"googleplus\" data-url=\"https:\/\/portalcatolico.net\/portal\/feijoada-beneficente-da-creche-irma-margarida-acontece-sabado-em-itabuna\/\" data-description=\"Feijoada beneficente da Creche Irm\u00e3 Margarida acontece s\u00e1bado em Itabuna!\" class=\"prettySocial fa fa-google-plus\"><\/a><a href=\"#\" data-type=\"pinterest\" data-url=\"https:\/\/portalcatolico.net\/portal\/feijoada-beneficente-da-creche-irma-margarida-acontece-sabado-em-itabuna\/\" data-description=\"Feijoada beneficente da Creche Irm\u00e3 Margarida acontece s\u00e1bado em Itabuna!\" data-media=\"https:\/\/portalcatolico.net\/portal\/wp-content\/uploads\/2019\/05\/feijoada-divulgacao1.jpg\" class=\"prettySocial fa fa-pinterest\"><\/a><a href=\"#\" data-type=\"linkedin\" data-url=\"https:\/\/portalcatolico.net\/portal\/feijoada-beneficente-da-creche-irma-margarida-acontece-sabado-em-itabuna\/\" data-title=\"Feijoada beneficente da Creche Irm\u00e3 Margarida acontece s\u00e1bado em Itabuna!\" data-description=\"Feijoada beneficente da Creche Irm\u00e3 Margarida acontece s\u00e1bado em Itabuna!\" data-via=\"newedge\" data-media=\"https:\/\/portalcatolico.net\/portal\/wp-content\/uploads\/2019\/05\/feijoada-divulgacao1.jpg\" class=\"prettySocial fa fa-linkedin\"><\/a><div class=\"share-icon\"><i class=\"fa fa-share-alt\"><\/i><\/div><\/div><form class=\"bookmark \" action=\"https:\/\/portalcatolico.net\/portal\/wp-admin\/admin-ajax.php\" method=\"post\"><input type=\"hidden\" name=\"bookmarkid\" value=\"64325\" ><input type=\"hidden\" name=\"action\" value=\"bookmark_form\"><input type=\"hidden\" name=\"userid\" value=\"0\"><input type=\"button\" class=\"btn-bookmark\"  value=\"bookmark\" name=\"submit\"><\/form><\/div><\/div><\/li><li class=\"all-slides\"><div class=\"themeum-overlay-wrap yes\"><div class=\"common-post-item\"><div class=\"overlay video-post-icon-large black yes\"><a href=\"https:\/\/portalcatolico.net\/portal\/comeca-nesta-quarta-feira-as-comemoracoes-em-homenagem-ao-padroeiro-de-itajuipe\/\"><i class=\"fa fa-link\"><\/i><\/a><\/div><div class=\"common-post-item-in\" style=\"height:460px;background: url(https:\/\/portalcatolico.net\/portal\/wp-content\/uploads\/2019\/06\/62261327_1113654688758601_4497014536267628544_n-1-781x536.jpg) no-repeat;background-size: cover;\"><\/div><div class=\"newedge-post-share-social\"><a href=\"#\" data-type=\"facebook\" data-url=\"https:\/\/portalcatolico.net\/portal\/comeca-nesta-quarta-feira-as-comemoracoes-em-homenagem-ao-padroeiro-de-itajuipe\/\" data-title=\"Come\u00e7a nesta quarta-feira as comemora\u00e7\u00f5es em homenagem ao padroeiro de Itaju\u00edpe!\" data-description=\"Come\u00e7a nesta quarta-feira as comemora\u00e7\u00f5es em homenagem ao padroeiro de Itaju\u00edpe!\" data-media=\"https:\/\/portalcatolico.net\/portal\/wp-content\/uploads\/2019\/06\/62261327_1113654688758601_4497014536267628544_n-1.jpg\" class=\"prettySocial fa fa-facebook\"><\/a><a href=\"#\" data-type=\"twitter\" data-url=\"https:\/\/portalcatolico.net\/portal\/comeca-nesta-quarta-feira-as-comemoracoes-em-homenagem-ao-padroeiro-de-itajuipe\/\" data-description=\"Come\u00e7a nesta quarta-feira as comemora\u00e7\u00f5es em homenagem ao padroeiro de Itaju\u00edpe!\" data-via=\"newedge\" class=\"prettySocial fa fa-twitter\"><\/a><a href=\"#\" data-type=\"googleplus\" data-url=\"https:\/\/portalcatolico.net\/portal\/comeca-nesta-quarta-feira-as-comemoracoes-em-homenagem-ao-padroeiro-de-itajuipe\/\" data-description=\"Come\u00e7a nesta quarta-feira as comemora\u00e7\u00f5es em homenagem ao padroeiro de Itaju\u00edpe!\" class=\"prettySocial fa fa-google-plus\"><\/a><a href=\"#\" data-type=\"pinterest\" data-url=\"https:\/\/portalcatolico.net\/portal\/comeca-nesta-quarta-feira-as-comemoracoes-em-homenagem-ao-padroeiro-de-itajuipe\/\" data-description=\"Come\u00e7a nesta quarta-feira as comemora\u00e7\u00f5es em homenagem ao padroeiro de Itaju\u00edpe!\" data-media=\"https:\/\/portalcatolico.net\/portal\/wp-content\/uploads\/2019\/06\/62261327_1113654688758601_4497014536267628544_n-1.jpg\" class=\"prettySocial fa fa-pinterest\"><\/a><a href=\"#\" data-type=\"linkedin\" data-url=\"https:\/\/portalcatolico.net\/portal\/comeca-nesta-quarta-feira-as-comemoracoes-em-homenagem-ao-padroeiro-de-itajuipe\/\" data-title=\"Come\u00e7a nesta quarta-feira as comemora\u00e7\u00f5es em homenagem ao padroeiro de Itaju\u00edpe!\" data-description=\"Come\u00e7a nesta quarta-feira as comemora\u00e7\u00f5es em homenagem ao padroeiro de Itaju\u00edpe!\" data-via=\"newedge\" data-media=\"https:\/\/portalcatolico.net\/portal\/wp-content\/uploads\/2019\/06\/62261327_1113654688758601_4497014536267628544_n-1.jpg\" class=\"prettySocial fa fa-linkedin\"><\/a><div class=\"share-icon\"><i class=\"fa fa-share-alt\"><\/i><\/div><\/div><form class=\"bookmark \" action=\"https:\/\/portalcatolico.net\/portal\/wp-admin\/admin-ajax.php\" method=\"post\"><input type=\"hidden\" name=\"bookmarkid\" value=\"65051\" ><input type=\"hidden\" name=\"action\" value=\"bookmark_form\"><input type=\"hidden\" name=\"userid\" value=\"0\"><input type=\"button\" class=\"btn-bookmark\"  value=\"bookmark\" name=\"submit\"><\/form><\/div><\/div><\/li><li class=\"all-slides\"><div class=\"themeum-overlay-wrap yes\"><div class=\"common-post-item\"><div class=\"overlay video-post-icon-large black yes\"><a href=\"https:\/\/portalcatolico.net\/portal\/confira-como-sera-a-quinta-noite-do-novenario-em-honra-a-sao-jose-padroeiro-de-itabuna\/\"><i class=\"fa fa-link\"><\/i><\/a><\/div><div class=\"common-post-item-in\" style=\"height:460px;background: url(https:\/\/portalcatolico.net\/portal\/wp-content\/uploads\/2022\/03\/CATEDRAL-SAO-JOSE-ITABUNA-848x536.jpg) no-repeat;background-size: cover;\"><\/div><div class=\"newedge-post-share-social\"><a href=\"#\" data-type=\"facebook\" data-url=\"https:\/\/portalcatolico.net\/portal\/confira-como-sera-a-quinta-noite-do-novenario-em-honra-a-sao-jose-padroeiro-de-itabuna\/\" data-title=\"Confira como ser\u00e1 a quinta noite do Noven\u00e1rio em honra a S\u00e3o Jos\u00e9, padroeiro de Itabuna!\" data-description=\"Confira como ser\u00e1 a quinta noite do Noven\u00e1rio em honra a S\u00e3o Jos\u00e9, padroeiro de Itabuna!\" data-media=\"https:\/\/portalcatolico.net\/portal\/wp-content\/uploads\/2022\/03\/CATEDRAL-SAO-JOSE-ITABUNA.jpg\" class=\"prettySocial fa fa-facebook\"><\/a><a href=\"#\" data-type=\"twitter\" data-url=\"https:\/\/portalcatolico.net\/portal\/confira-como-sera-a-quinta-noite-do-novenario-em-honra-a-sao-jose-padroeiro-de-itabuna\/\" data-description=\"Confira como ser\u00e1 a quinta noite do Noven\u00e1rio em honra a S\u00e3o Jos\u00e9, padroeiro de Itabuna!\" data-via=\"newedge\" class=\"prettySocial fa fa-twitter\"><\/a><a href=\"#\" data-type=\"googleplus\" data-url=\"https:\/\/portalcatolico.net\/portal\/confira-como-sera-a-quinta-noite-do-novenario-em-honra-a-sao-jose-padroeiro-de-itabuna\/\" data-description=\"Confira como ser\u00e1 a quinta noite do Noven\u00e1rio em honra a S\u00e3o Jos\u00e9, padroeiro de Itabuna!\" class=\"prettySocial fa fa-google-plus\"><\/a><a href=\"#\" data-type=\"pinterest\" data-url=\"https:\/\/portalcatolico.net\/portal\/confira-como-sera-a-quinta-noite-do-novenario-em-honra-a-sao-jose-padroeiro-de-itabuna\/\" data-description=\"Confira como ser\u00e1 a quinta noite do Noven\u00e1rio em honra a S\u00e3o Jos\u00e9, padroeiro de Itabuna!\" data-media=\"https:\/\/portalcatolico.net\/portal\/wp-content\/uploads\/2022\/03\/CATEDRAL-SAO-JOSE-ITABUNA.jpg\" class=\"prettySocial fa fa-pinterest\"><\/a><a href=\"#\" data-type=\"linkedin\" data-url=\"https:\/\/portalcatolico.net\/portal\/confira-como-sera-a-quinta-noite-do-novenario-em-honra-a-sao-jose-padroeiro-de-itabuna\/\" data-title=\"Confira como ser\u00e1 a quinta noite do Noven\u00e1rio em honra a S\u00e3o Jos\u00e9, padroeiro de Itabuna!\" data-description=\"Confira como ser\u00e1 a quinta noite do Noven\u00e1rio em honra a S\u00e3o Jos\u00e9, padroeiro de Itabuna!\" data-via=\"newedge\" data-media=\"https:\/\/portalcatolico.net\/portal\/wp-content\/uploads\/2022\/03\/CATEDRAL-SAO-JOSE-ITABUNA.jpg\" class=\"prettySocial fa fa-linkedin\"><\/a><div class=\"share-icon\"><i class=\"fa fa-share-alt\"><\/i><\/div><\/div><form class=\"bookmark \" action=\"https:\/\/portalcatolico.net\/portal\/wp-admin\/admin-ajax.php\" method=\"post\"><input type=\"hidden\" name=\"bookmarkid\" value=\"82351\" ><input type=\"hidden\" name=\"action\" value=\"bookmark_form\"><input type=\"hidden\" name=\"userid\" value=\"0\"><input type=\"button\" class=\"btn-bookmark\"  value=\"bookmark\" name=\"submit\"><\/form><\/div><\/div><\/li><li class=\"all-slides\"><div class=\"themeum-overlay-wrap yes\"><div class=\"common-post-item\"><div class=\"overlay video-post-icon-large black yes\"><a href=\"https:\/\/portalcatolico.net\/portal\/primeiro-dia-do-jnl-e-marcado-pelas-formacoes-dirigidas-aos-missionarios-e-pela-adoracao\/\"><i class=\"fa fa-link\"><\/i><\/a><\/div><div class=\"common-post-item-in\" style=\"height:460px;background: url(https:\/\/portalcatolico.net\/portal\/wp-content\/uploads\/2018\/12\/igreja.jpg) no-repeat;background-size: cover;\"><\/div><div class=\"newedge-post-share-social\"><a href=\"#\" data-type=\"facebook\" data-url=\"https:\/\/portalcatolico.net\/portal\/primeiro-dia-do-jnl-e-marcado-pelas-formacoes-dirigidas-aos-missionarios-e-pela-adoracao\/\" data-title=\"Primeiro dia do JNL \u00e9 marcado pelas forma\u00e7\u00f5es dirigidas aos mission\u00e1rios e pela adora\u00e7\u00e3o\" data-description=\"Primeiro dia do JNL \u00e9 marcado pelas forma\u00e7\u00f5es dirigidas aos mission\u00e1rios e pela adora\u00e7\u00e3o\" data-media=\"https:\/\/portalcatolico.net\/portal\/wp-content\/uploads\/2018\/12\/igreja.jpg\" class=\"prettySocial fa fa-facebook\"><\/a><a href=\"#\" data-type=\"twitter\" data-url=\"https:\/\/portalcatolico.net\/portal\/primeiro-dia-do-jnl-e-marcado-pelas-formacoes-dirigidas-aos-missionarios-e-pela-adoracao\/\" data-description=\"Primeiro dia do JNL \u00e9 marcado pelas forma\u00e7\u00f5es dirigidas aos mission\u00e1rios e pela adora\u00e7\u00e3o\" data-via=\"newedge\" class=\"prettySocial fa fa-twitter\"><\/a><a href=\"#\" data-type=\"googleplus\" data-url=\"https:\/\/portalcatolico.net\/portal\/primeiro-dia-do-jnl-e-marcado-pelas-formacoes-dirigidas-aos-missionarios-e-pela-adoracao\/\" data-description=\"Primeiro dia do JNL \u00e9 marcado pelas forma\u00e7\u00f5es dirigidas aos mission\u00e1rios e pela adora\u00e7\u00e3o\" class=\"prettySocial fa fa-google-plus\"><\/a><a href=\"#\" data-type=\"pinterest\" data-url=\"https:\/\/portalcatolico.net\/portal\/primeiro-dia-do-jnl-e-marcado-pelas-formacoes-dirigidas-aos-missionarios-e-pela-adoracao\/\" data-description=\"Primeiro dia do JNL \u00e9 marcado pelas forma\u00e7\u00f5es dirigidas aos mission\u00e1rios e pela adora\u00e7\u00e3o\" data-media=\"https:\/\/portalcatolico.net\/portal\/wp-content\/uploads\/2018\/12\/igreja.jpg\" class=\"prettySocial fa fa-pinterest\"><\/a><a href=\"#\" data-type=\"linkedin\" data-url=\"https:\/\/portalcatolico.net\/portal\/primeiro-dia-do-jnl-e-marcado-pelas-formacoes-dirigidas-aos-missionarios-e-pela-adoracao\/\" data-title=\"Primeiro dia do JNL \u00e9 marcado pelas forma\u00e7\u00f5es dirigidas aos mission\u00e1rios e pela adora\u00e7\u00e3o\" data-description=\"Primeiro dia do JNL \u00e9 marcado pelas forma\u00e7\u00f5es dirigidas aos mission\u00e1rios e pela adora\u00e7\u00e3o\" data-via=\"newedge\" data-media=\"https:\/\/portalcatolico.net\/portal\/wp-content\/uploads\/2018\/12\/igreja.jpg\" class=\"prettySocial fa fa-linkedin\"><\/a><div class=\"share-icon\"><i class=\"fa fa-share-alt\"><\/i><\/div><\/div><form class=\"bookmark \" action=\"https:\/\/portalcatolico.net\/portal\/wp-admin\/admin-ajax.php\" method=\"post\"><input type=\"hidden\" name=\"bookmarkid\" value=\"62668\" ><input type=\"hidden\" name=\"action\" value=\"bookmark_form\"><input type=\"hidden\" name=\"userid\" value=\"0\"><input type=\"button\" class=\"btn-bookmark\"  value=\"bookmark\" name=\"submit\"><\/form><\/div><\/div><\/li><li class=\"all-slides\"><div class=\"themeum-overlay-wrap yes\"><div class=\"common-post-item\"><div class=\"overlay video-post-icon-large black yes\"><a href=\"https:\/\/portalcatolico.net\/portal\/palavra-do-pastor-bispo-de-itabuna-fala-sobre-o-natal-e-deixa-mensagem-especial-confira\/\"><i class=\"fa fa-link\"><\/i><\/a><\/div><div class=\"common-post-item-in\" style=\"height:460px;background: url(https:\/\/portalcatolico.net\/portal\/wp-content\/uploads\/2023\/05\/IMG_0028-1.jpg) no-repeat;background-size: cover;\"><\/div><div class=\"newedge-post-share-social\"><a href=\"#\" data-type=\"facebook\" data-url=\"https:\/\/portalcatolico.net\/portal\/palavra-do-pastor-bispo-de-itabuna-fala-sobre-o-natal-e-deixa-mensagem-especial-confira\/\" data-title=\"Palavra do pastor: Bispo de Itabuna fala sobre o Natal e deixa mensagem especial. Confira!\" data-description=\"Palavra do pastor: Bispo de Itabuna fala sobre o Natal e deixa mensagem especial. Confira!\" data-media=\"https:\/\/portalcatolico.net\/portal\/wp-content\/uploads\/2023\/05\/IMG_0028-1.jpg\" class=\"prettySocial fa fa-facebook\"><\/a><a href=\"#\" data-type=\"twitter\" data-url=\"https:\/\/portalcatolico.net\/portal\/palavra-do-pastor-bispo-de-itabuna-fala-sobre-o-natal-e-deixa-mensagem-especial-confira\/\" data-description=\"Palavra do pastor: Bispo de Itabuna fala sobre o Natal e deixa mensagem especial. Confira!\" data-via=\"newedge\" class=\"prettySocial fa fa-twitter\"><\/a><a href=\"#\" data-type=\"googleplus\" data-url=\"https:\/\/portalcatolico.net\/portal\/palavra-do-pastor-bispo-de-itabuna-fala-sobre-o-natal-e-deixa-mensagem-especial-confira\/\" data-description=\"Palavra do pastor: Bispo de Itabuna fala sobre o Natal e deixa mensagem especial. Confira!\" class=\"prettySocial fa fa-google-plus\"><\/a><a href=\"#\" data-type=\"pinterest\" data-url=\"https:\/\/portalcatolico.net\/portal\/palavra-do-pastor-bispo-de-itabuna-fala-sobre-o-natal-e-deixa-mensagem-especial-confira\/\" data-description=\"Palavra do pastor: Bispo de Itabuna fala sobre o Natal e deixa mensagem especial. Confira!\" data-media=\"https:\/\/portalcatolico.net\/portal\/wp-content\/uploads\/2023\/05\/IMG_0028-1.jpg\" class=\"prettySocial fa fa-pinterest\"><\/a><a href=\"#\" data-type=\"linkedin\" data-url=\"https:\/\/portalcatolico.net\/portal\/palavra-do-pastor-bispo-de-itabuna-fala-sobre-o-natal-e-deixa-mensagem-especial-confira\/\" data-title=\"Palavra do pastor: Bispo de Itabuna fala sobre o Natal e deixa mensagem especial. Confira!\" data-description=\"Palavra do pastor: Bispo de Itabuna fala sobre o Natal e deixa mensagem especial. Confira!\" data-via=\"newedge\" data-media=\"https:\/\/portalcatolico.net\/portal\/wp-content\/uploads\/2023\/05\/IMG_0028-1.jpg\" class=\"prettySocial fa fa-linkedin\"><\/a><div class=\"share-icon\"><i class=\"fa fa-share-alt\"><\/i><\/div><\/div><form class=\"bookmark \" action=\"https:\/\/portalcatolico.net\/portal\/wp-admin\/admin-ajax.php\" method=\"post\"><input type=\"hidden\" name=\"bookmarkid\" value=\"79660\" ><input type=\"hidden\" name=\"action\" value=\"bookmark_form\"><input type=\"hidden\" name=\"userid\" value=\"0\"><input type=\"button\" class=\"btn-bookmark\"  value=\"bookmark\" name=\"submit\"><\/form><\/div><\/div><\/li><\/ul><\/div><div id=\"gallerycarousel\" class=\"gallery-controll-thumb flexslider\"><ul class=\"slides gallery-thumb-image\"><li><a href=\"https:\/\/portalcatolico.net\/portal\/foto-site-da-diocese-de-almenara-mg\/\"><img loading=\"lazy\" decoding=\"async\" width=\"263\" height=\"253\" src=\"https:\/\/portalcatolico.net\/portal\/wp-content\/uploads\/2022\/08\/aDom-Jose-Carlos-Brandao-Cabral-263x253.png\" class=\"img-responsive wp-post-image\" alt=\"\" srcset=\"https:\/\/portalcatolico.net\/portal\/wp-content\/uploads\/2022\/08\/aDom-Jose-Carlos-Brandao-Cabral-263x253.png 263w, https:\/\/portalcatolico.net\/portal\/wp-content\/uploads\/2022\/08\/aDom-Jose-Carlos-Brandao-Cabral-555x536.png 555w\" sizes=\"auto, (max-width: 263px) 100vw, 263px\" \/><\/a><\/li><li><a href=\"https:\/\/portalcatolico.net\/portal\/festa-de-nossa-senhora-rainha-dos-anjos-e-celebrada-em-itabuna\/\"><img loading=\"lazy\" decoding=\"async\" width=\"263\" height=\"253\" src=\"https:\/\/portalcatolico.net\/portal\/wp-content\/uploads\/2019\/08\/06bcf77c-93d1-4c92-a68a-cc75e8aaeb08-263x253.jpg\" class=\"img-responsive wp-post-image\" alt=\"\" srcset=\"https:\/\/portalcatolico.net\/portal\/wp-content\/uploads\/2019\/08\/06bcf77c-93d1-4c92-a68a-cc75e8aaeb08-263x253.jpg 263w, https:\/\/portalcatolico.net\/portal\/wp-content\/uploads\/2019\/08\/06bcf77c-93d1-4c92-a68a-cc75e8aaeb08-555x536.jpg 555w\" sizes=\"auto, (max-width: 263px) 100vw, 263px\" \/><\/a><\/li><li><a href=\"https:\/\/portalcatolico.net\/portal\/feijoada-beneficente-da-creche-irma-margarida-acontece-sabado-em-itabuna\/\"><img loading=\"lazy\" decoding=\"async\" width=\"263\" height=\"253\" src=\"https:\/\/portalcatolico.net\/portal\/wp-content\/uploads\/2019\/05\/feijoada-divulgacao1-263x253.jpg\" class=\"img-responsive wp-post-image\" alt=\"\" srcset=\"https:\/\/portalcatolico.net\/portal\/wp-content\/uploads\/2019\/05\/feijoada-divulgacao1-263x253.jpg 263w, https:\/\/portalcatolico.net\/portal\/wp-content\/uploads\/2019\/05\/feijoada-divulgacao1-555x536.jpg 555w\" sizes=\"auto, (max-width: 263px) 100vw, 263px\" \/><\/a><\/li><li><a href=\"https:\/\/portalcatolico.net\/portal\/comeca-nesta-quarta-feira-as-comemoracoes-em-homenagem-ao-padroeiro-de-itajuipe\/\"><img loading=\"lazy\" decoding=\"async\" width=\"263\" height=\"253\" src=\"https:\/\/portalcatolico.net\/portal\/wp-content\/uploads\/2019\/06\/62261327_1113654688758601_4497014536267628544_n-1-263x253.jpg\" class=\"img-responsive wp-post-image\" alt=\"\" srcset=\"https:\/\/portalcatolico.net\/portal\/wp-content\/uploads\/2019\/06\/62261327_1113654688758601_4497014536267628544_n-1-263x253.jpg 263w, https:\/\/portalcatolico.net\/portal\/wp-content\/uploads\/2019\/06\/62261327_1113654688758601_4497014536267628544_n-1-555x536.jpg 555w\" sizes=\"auto, (max-width: 263px) 100vw, 263px\" \/><\/a><\/li><li><a href=\"https:\/\/portalcatolico.net\/portal\/confira-como-sera-a-quinta-noite-do-novenario-em-honra-a-sao-jose-padroeiro-de-itabuna\/\"><img loading=\"lazy\" decoding=\"async\" width=\"263\" height=\"253\" src=\"https:\/\/portalcatolico.net\/portal\/wp-content\/uploads\/2022\/03\/CATEDRAL-SAO-JOSE-ITABUNA-263x253.jpg\" class=\"img-responsive wp-post-image\" alt=\"\" srcset=\"https:\/\/portalcatolico.net\/portal\/wp-content\/uploads\/2022\/03\/CATEDRAL-SAO-JOSE-ITABUNA-263x253.jpg 263w, https:\/\/portalcatolico.net\/portal\/wp-content\/uploads\/2022\/03\/CATEDRAL-SAO-JOSE-ITABUNA-555x536.jpg 555w\" sizes=\"auto, (max-width: 263px) 100vw, 263px\" \/><\/a><\/li><li><a href=\"https:\/\/portalcatolico.net\/portal\/primeiro-dia-do-jnl-e-marcado-pelas-formacoes-dirigidas-aos-missionarios-e-pela-adoracao\/\"><img loading=\"lazy\" decoding=\"async\" width=\"263\" height=\"192\" src=\"https:\/\/portalcatolico.net\/portal\/wp-content\/uploads\/2018\/12\/igreja-263x192.jpg\" class=\"img-responsive wp-post-image\" alt=\"\" \/><\/a><\/li><li><a href=\"https:\/\/portalcatolico.net\/portal\/palavra-do-pastor-bispo-de-itabuna-fala-sobre-o-natal-e-deixa-mensagem-especial-confira\/\"><img loading=\"lazy\" decoding=\"async\" width=\"263\" height=\"253\" src=\"https:\/\/portalcatolico.net\/portal\/wp-content\/uploads\/2023\/05\/IMG_0028-1-263x253.jpg\" class=\"img-responsive wp-post-image\" alt=\"\" srcset=\"https:\/\/portalcatolico.net\/portal\/wp-content\/uploads\/2023\/05\/IMG_0028-1-263x253.jpg 263w, https:\/\/portalcatolico.net\/portal\/wp-content\/uploads\/2023\/05\/IMG_0028-1-555x533.jpg 555w\" sizes=\"auto, (max-width: 263px) 100vw, 263px\" \/><\/a><\/li><\/ul><\/div><\/div>[\/vc_column_inner][\/vc_row_inner][vc_row_inner][vc_column_inner width=&#8221;5\/6&#8243;][vc_empty_space height=&#8221;50px&#8221;][\/vc_column_inner][vc_column_inner width=&#8221;1\/6&#8243;][\/vc_column_inner][\/vc_row_inner][vc_row_inner][vc_column_inner][vc_single_image image=&#8221;30463&#8243; img_size=&#8221;full&#8221;][\/vc_column_inner][\/vc_row_inner][vc_row_inner][vc_column_inner width=&#8221;1\/3&#8243;][\/vc_column_inner][vc_column_inner width=&#8221;1\/3&#8243;][\/vc_column_inner][vc_column_inner width=&#8221;1\/3&#8243;][\/vc_column_inner][\/vc_row_inner][\/vc_column][vc_column width=&#8221;1\/4&#8243;][vc_empty_space height=&#8221;66px&#8221;][vc_single_image image=&#8221;967&#8243; img_size=&#8221;full&#8221; onclick=&#8221;custom_link&#8221; link=&#8221;https:\/\/www.facebook.com\/targetwebsites&#8221;]<div class=\"themeum-title  \"><h3 class=\"style-title\" style=\"margin:10px 0 20px;font-weight:400;font-size:18px;line-height: normal;color:#0a0a0a;\"><span class=\"title-icon-style\" style=\"\"><i class=\"fa fa-check\"><\/i><\/span>Enquete<\/h3><\/div><div class=\"themeum-poll\"><div class=\"themeum-poll-title\">Voc\u00ea j\u00e1 pensou em mudar de religi\u00e3o?<\/div><div class=\"themeum-poll-question\"><form name=\"poll-form\" action=\"https:\/\/portalcatolico.net\/portal\/wp-admin\/admin-ajax.php\" method=\"POST\" id=\"poll-form\"><input type=\"hidden\" name=\"poll_id\" value=\"61399\"><input type=\"hidden\" name=\"action\" value=\"poll_form\"><p><label><input type=\"radio\" name=\"question\" value=\"Sim\"><span class=\"text-label\">Sim<\/span><\/label><\/p><p><label><input type=\"radio\" name=\"question\" value=\"N\u00e3o\"><span class=\"text-label\">N\u00e3o<\/span><\/label><\/p><p><label><input type=\"radio\" name=\"question\" value=\"Sou fiel a minha religi\u00e3o e nunca vou mudar\"><span class=\"text-label\">Sou fiel a minha religi\u00e3o e nunca vou mudar<\/span><\/label><\/p><p><label><input type=\"radio\" name=\"question\" value=\"N\u00e3o tenho religi\u00e3o\"><span class=\"text-label\">N\u00e3o tenho religi\u00e3o<\/span><\/label><\/p><p><label><input type=\"radio\" name=\"question\" value=\"Prefere n\u00e3o responder\"><span class=\"text-label\">Prefere n\u00e3o responder<\/span><\/label><\/p><input type=\"hidden\" id=\"poll_nonce_field\" name=\"poll_nonce_field\" value=\"a95e06392e\" \/><input type=\"hidden\" name=\"_wp_http_referer\" value=\"\/portal\/wp-json\/wp\/v2\/pages\/184\" \/><button id=\"project-submit\" class=\"poll-submit\" >Submit<\/button><\/form><\/div><\/div><div id=\"pull-reasult-html\" class=\"themeum-poll-hover\"><\/div>[vc_empty_space height=&#8221;30px&#8221;]<div class=\"themeum-title  \"><h3 class=\"style-title\" style=\"margin:10px 0 20px;font-weight:700;font-size:18px;line-height: normal;color:#000000;\"><span class=\"title-icon-style\" style=\"\"><i class=\"fa fa-check\"><\/i><\/span>R\u00e1dio Web<\/h3><\/div>[vc_empty_space height=&#8221;30px&#8221;][vc_single_image image=&#8221;5872&#8243; img_size=&#8221;full&#8221; alignment=&#8221;center&#8221; onclick=&#8221;custom_link&#8221; link=&#8221;https:\/\/www.facebook.com\/portalcatolicooficial\/&#8221;][vc_empty_space height=&#8221;20px&#8221;]<div class=\"themeum-title  \"><h3 class=\"style-title\" style=\"margin:10px 0 30px;font-weight:400;font-size:18px;line-height: normal;color:#0a0a0a;\"><span class=\"title-icon-style\" style=\"\"><i class=\"fa fa-pencil\"><\/i><\/span>Usu\u00e1rios conectados<\/h3><\/div><div class=\"themeum-social-counter clearfix\"><div class=\"col-sm-6 social-common-bar comments-bar\"><div class=\"social-icon\"><a href=\"http:\/\/portalcatolico.net\/portal\" target=\"_blank\"><i class=\"fa fa-comment-o\"><\/i><\/a><\/div><div class=\"social-total-count\"><p class=\"follow-button\">139<span class=\"social-text\">Comments<\/span><\/p><\/div><\/div><div class=\"col-sm-6 social-common-bar posts-bar\"><div class=\"social-icon\"><a href=\"http:\/\/portalcatolico.net\/portal\" target=\"_blank\"><i class=\"fa fa-file-text\"><\/i><\/a><\/div><div class=\"social-total-count\"><p class=\"follow-button\">8724<span class=\"social-text\">Posts<\/span><\/p><\/div><\/div><div class=\"col-sm-6 social-common-bar users-bar\"><div class=\"social-icon\"><a href=\"http:\/\/portalcatolico.net\/portal\" target=\"_blank\"><i class=\"fa fa-user\"><\/i><\/a><\/div><div class=\"social-total-count\"><p class=\"follow-button\">16079<span class=\"social-text\">Users<\/span><\/p><\/div><\/div><\/div>[vc_single_image image=&#8221;1608&#8243; img_size=&#8221;full&#8221; onclick=&#8221;custom_link&#8221; css_animation=&#8221;top-to-bottom&#8221; link=&#8221;http:\/\/www.graficamesquita.com.br\/&#8221;][vc_empty_space height=&#8221;10px&#8221;]<div class=\"themeum-title  \"><h3 class=\"style-title\" style=\"margin:10px 0 25px;font-weight:400;font-size:18px;line-height: normal;color:#0a0a0a;\"><span class=\"title-icon-style\" style=\"\"><i class=\"fa fa-comment-o\"><\/i><\/span>\u00daltimos Coment\u00e1rios<\/h3><\/div><div class=\"latest-recent-comments\"><div class=\"latest-recent-comment\"><p>Se algu\u00e9m de itabuna tiver v\u00eddeos e fotografias do monsenhor Osmar favor nos enviar via WhatsApp para que possamos fazer uma homenagem no dia do seu anivers\u00e1rio vou deixar o meu contato aqui 32984440232 eu sou Barbacena da Paroquia onde monsenhor est\u00e1<\/p><div class=\"recent-comments-media\"><div class=\"recent-comments-image\"><img alt='' src='https:\/\/secure.gravatar.com\/avatar\/2920629bbc3685ba3acfc647c76185c23dfb7e47a8fe9f48bc0cccd602ac4d6e?s=33&#038;d=mm&#038;r=g' srcset='https:\/\/secure.gravatar.com\/avatar\/2920629bbc3685ba3acfc647c76185c23dfb7e47a8fe9f48bc0cccd602ac4d6e?s=66&#038;d=mm&#038;r=g 2x' class='avatar avatar-33 photo' height='33' width='33' \/><\/div><div class=\"recent-comment-wrap\"><span class=\"recent-comments-user\">Reinaldo da Silva Maciel<\/span><span class=\"recent-comments-date\">August 31 2026<\/span>,<span class=\"recent-comments-category\"><a href=\"https:\/\/portalcatolico.net\/portal\/category\/homilias\/\" rel=\"category tag\">Homilias<\/a><\/span><\/div><\/div><\/div><div class=\"latest-recent-comment\"><p>Padre Aux\u00eancio, foi ele quem celebrou meu  batismo aos meus sete meses, em 29\/11\/1970. Pau Brasil. Igreja Santa Luzia.<\/p><div class=\"recent-comments-media\"><div class=\"recent-comments-image\"><img alt='' src='https:\/\/secure.gravatar.com\/avatar\/5e7464b4103daa2906ee1ee6e5d95f40498b770b58e23f84e62d6cbbabb5164c?s=33&#038;d=mm&#038;r=g' srcset='https:\/\/secure.gravatar.com\/avatar\/5e7464b4103daa2906ee1ee6e5d95f40498b770b58e23f84e62d6cbbabb5164c?s=66&#038;d=mm&#038;r=g 2x' class='avatar avatar-33 photo' height='33' width='33' \/><\/div><div class=\"recent-comment-wrap\"><span class=\"recent-comments-user\">Elineide Santos de Brito Prates<\/span><span class=\"recent-comments-date\">August 6 2026<\/span>,<span class=\"recent-comments-category\"><a href=\"https:\/\/portalcatolico.net\/portal\/category\/destaques\/\" rel=\"category tag\">Destaques<\/a><\/span><\/div><\/div><\/div><div class=\"latest-recent-comment\"><p>Foi maravilhoso esse dia de reflex\u00e3o e aprendizado e o encontro para nos aproximarmos mais.<\/p><div class=\"recent-comments-media\"><div class=\"recent-comments-image\"><img alt='' src='https:\/\/secure.gravatar.com\/avatar\/de637b2437c690ea5282cc6c412b5a01614b497c47d252d4478720643f3ca573?s=33&#038;d=mm&#038;r=g' srcset='https:\/\/secure.gravatar.com\/avatar\/de637b2437c690ea5282cc6c412b5a01614b497c47d252d4478720643f3ca573?s=66&#038;d=mm&#038;r=g 2x' class='avatar avatar-33 photo' height='33' width='33' \/><\/div><div class=\"recent-comment-wrap\"><span class=\"recent-comments-user\">Joana Darc<\/span><span class=\"recent-comments-date\">July 26 2026<\/span>,<span class=\"recent-comments-category\"><a href=\"https:\/\/portalcatolico.net\/portal\/category\/entrevistas\/\" rel=\"category tag\">Entrevistas<\/a><\/span><\/div><\/div><\/div><\/div>[vc_gallery interval=&#8221;5&#8243; images=&#8221;32879,6293,59737,59739&#8243; img_size=&#8221;262&#215;234&#8243; onclick=&#8221;custom_link&#8221; custom_links_target=&#8221;_blank&#8221; custom_links=&#8221;#E-8_JTIzaHR0cHMlM0ElMkYlMkZ3d3cuZmFjZWJvb2suY29tJTJGRXNjb2xhTHVhTm92YTIlMkYlMkMlMkM=&#8221;][vc_gallery interval=&#8221;3&#8243; images=&#8221;2199,2197,55272&#8243; img_size=&#8221;262&#215;234&#8243; onclick=&#8221;custom_link&#8221; custom_links_target=&#8221;_blank&#8221; custom_links=&#8221;#E-8_JTIzJTNCJTJDaHR0cCUzQSUyRiUyRmJsb2d0ZW1wb3ByZXNlbnRlLmNvbSUyRiUzQiUyQ2h0dHBzJTNBJTJGJTJGcG9ydGFsLmFxdWlub2d1aWEuY29tLmJyJTJGJTNCJTJD&#8221;][\/vc_column][\/vc_row][vc_row][vc_column][vc_empty_space][vc_single_image image=&#8221;1236&#8243; img_size=&#8221;1145&#215;90&#8243; alignment=&#8221;center&#8221; onclick=&#8221;custom_link&#8221; img_link_target=&#8221;_blank&#8221; link=&#8221;https:\/\/play.google.com\/store\/apps\/details?id=com.livemus.radioportalcatolicooficial&#8221;][\/vc_column][\/vc_row]<\/p>\n<\/div>","protected":false},"excerpt":{"rendered":"<p>[vc_row full_width=&#8221;stretch_row_content_no_spaces&#8221;][vc_column][vc_empty_space height=&#8221;15px&#8221;][\/vc_column][\/vc_row][vc_row][vc_column width=&#8221;3\/4&#8243;][vc_empty_space height=&#8221;15px&#8221;][vc_row_inner][vc_column_inner width=&#8221;1\/3&#8243;][vc_single_image image=&#8221;1843&#8243; img_size=&#8221;full&#8221; onclick=&#8221;custom_link&#8221; link=&#8221;http:\/\/www.graficamesquita.com.br\/&#8221;][\/vc_column_inner][vc_column_inner width=&#8221;1\/3&#8243;][vc_single_image image=&#8221;1847&#8243; img_size=&#8221;full&#8221; onclick=&#8221;custom_link&#8221; link=&#8221;http:\/\/www.lucservice.com.br\/&#8221;][\/vc_column_inner][vc_column_inner width=&#8221;1\/3&#8243;][vc_single_image image=&#8221;59734&#8243; img_size=&#8221;300&#215;125&#8243; onclick=&#8221;custom_link&#8221; link=&#8221;http:\/\/penseproclamai.com.br\/&#8221;][\/vc_column_inner][\/vc_row_inner][vc_empty_space height=&#8221;20px&#8221;][vc_row_inner][vc_column_inner][\/vc_column_inner][\/vc_row_inner][vc_row_inner][vc_column_inner width=&#8221;5\/6&#8243;][vc_empty_space height=&#8221;50px&#8221;][\/vc_column_inner][vc_column_inner width=&#8221;1\/6&#8243;][\/vc_column_inner][\/vc_row_inner][vc_row_inner][vc_column_inner][vc_single_image image=&#8221;30463&#8243; img_size=&#8221;full&#8221;][\/vc_column_inner][\/vc_row_inner][vc_row_inner][vc_column_inner width=&#8221;1\/3&#8243;][\/vc_column_inner][vc_column_inner width=&#8221;1\/3&#8243;][\/vc_column_inner][vc_column_inner width=&#8221;1\/3&#8243;][\/vc_column_inner][\/vc_row_inner][\/vc_column][vc_column width=&#8221;1\/4&#8243;][vc_empty_space height=&#8221;66px&#8221;][vc_single_image image=&#8221;967&#8243; img_size=&#8221;full&#8221; onclick=&#8221;custom_link&#8221; link=&#8221;https:\/\/www.facebook.com\/targetwebsites&#8221;][vc_empty_space height=&#8221;30px&#8221;][vc_empty_space height=&#8221;30px&#8221;][vc_single_image image=&#8221;5872&#8243; img_size=&#8221;full&#8221; alignment=&#8221;center&#8221; onclick=&#8221;custom_link&#8221; link=&#8221;https:\/\/www.facebook.com\/portalcatolicooficial\/&#8221;][vc_empty_space height=&#8221;20px&#8221;][vc_single_image image=&#8221;1608&#8243; img_size=&#8221;full&#8221; onclick=&#8221;custom_link&#8221; css_animation=&#8221;top-to-bottom&#8221; link=&#8221;http:\/\/www.graficamesquita.com.br\/&#8221;][vc_empty_space height=&#8221;10px&#8221;][vc_gallery interval=&#8221;5&#8243; images=&#8221;32879,6293,59737,59739&#8243; img_size=&#8221;262&#215;234&#8243; onclick=&#8221;custom_link&#8221; custom_links_target=&#8221;_blank&#8221; custom_links=&#8221;#E-8_JTIzaHR0cHMlM0ElMkYlMkZ3d3cuZmFjZWJvb2suY29tJTJGRXNjb2xhTHVhTm92YTIlMkYlMkMlMkM=&#8221;][vc_gallery&nbsp;<\/p>\n<p><a class=\"btn btn-style\" href=\"https:\/\/portalcatolico.net\/portal\/poll\/voce-ja-pensou-em-mudar-de-religiao\/\">Continue Reading<\/a><\/p>\n","protected":false},"author":1,"featured_media":0,"parent":0,"menu_order":0,"comment_status":"closed","ping_status":"closed","template":"homepage.php","meta":{"ngg_post_thumbnail":0,"footnotes":""},"class_list":["post-184","page","type-page","status-publish","hentry"],"_links":{"self":[{"href":"https:\/\/portalcatolico.net\/portal\/wp-json\/wp\/v2\/pages\/184","targetHints":{"allow":["GET"]}}],"collection":[{"href":"https:\/\/portalcatolico.net\/portal\/wp-json\/wp\/v2\/pages"}],"about":[{"href":"https:\/\/portalcatolico.net\/portal\/wp-json\/wp\/v2\/types\/page"}],"author":[{"embeddable":true,"href":"https:\/\/portalcatolico.net\/portal\/wp-json\/wp\/v2\/users\/1"}],"replies":[{"embeddable":true,"href":"https:\/\/portalcatolico.net\/portal\/wp-json\/wp\/v2\/comments?post=184"}],"version-history":[{"count":143,"href":"https:\/\/portalcatolico.net\/portal\/wp-json\/wp\/v2\/pages\/184\/revisions"}],"predecessor-version":[{"id":66336,"href":"https:\/\/portalcatolico.net\/portal\/wp-json\/wp\/v2\/pages\/184\/revisions\/66336"}],"wp:attachment":[{"href":"https:\/\/portalcatolico.net\/portal\/wp-json\/wp\/v2\/media?parent=184"}],"curies":[{"name":"wp","href":"https:\/\/api.w.org\/{rel}","templated":true}]}}